{"id":611,"date":"2019-06-25T14:03:20","date_gmt":"2019-06-25T14:03:20","guid":{"rendered":"http:\/\/asalaranjeiras.org.br\/site\/?page_id=611"},"modified":"2023-08-21T13:59:40","modified_gmt":"2023-08-21T13:59:40","slug":"blog-pps","status":"publish","type":"page","link":"https:\/\/asalaranjeiras.org.br\/site\/blog-pps\/","title":{"rendered":"Blog Programa Pedag\u00f3gico Social"},"content":{"rendered":"<div class=\"pt-cv-wrapper\"><div class=\"pt-cv-view pt-cv-grid pt-cv-colsys\" id=\"pt-cv-view-8a37d2fb46\"><div data-id=\"pt-cv-page-1\" class=\"pt-cv-page\" data-cvc=\"6\"><div class=\"col-md-2 col-sm-6 col-xs-12 pt-cv-content-item pt-cv-1-col\" ><div class='pt-cv-ifield'><h4 class=\"pt-cv-title\"><a href=\"https:\/\/asalaranjeiras.org.br\/site\/jiu-jitsu-volta-com-medalhas-do-rio-de-janeiro\/\" class=\"_self\" target=\"_self\" >Jiu-Jitsu volta com medalhas do Rio de Janeiro<\/a><\/h4>\n<div class=\"pt-cv-content\">Alunos do projeto de Jiu-Jitsu da ASA Laranjeiras, liderados pelo educador Edgar, participaram, em 2025, da 3\u00aa Copa Intermunicipal Rio ...<br \/><div class=\"pt-cv-rmwrap\"><a href=\"https:\/\/asalaranjeiras.org.br\/site\/jiu-jitsu-volta-com-medalhas-do-rio-de-janeiro\/\" class=\"_self pt-cv-readmore btn btn-success\" target=\"_self\">Leia Mais<\/a><\/div><\/div>\n<div class=\"pt-cv-meta-fields\"><span class=\"entry-date\"> <time datetime=\"2026-02-02T22:10:06+00:00\">02\/02\/2026<\/time><\/span><span> \/ <\/span><span class=\"terms\"> <a href='https:\/\/asalaranjeiras.org.br\/site\/category\/programa-pedagogico-social\/jiu_jitso\/' title='Jiu-Jitso' class='pt-cv-tax-jiu_jitso'>Jiu-Jitso<\/a>, <a href='https:\/\/asalaranjeiras.org.br\/site\/category\/noticias-dos-ceics\/' title='Noticias dos CEICs' class='pt-cv-tax-noticias-dos-ceics'>Noticias dos CEICs<\/a>, <a href='https:\/\/asalaranjeiras.org.br\/site\/category\/programa-pedagogico-social\/' title='Programa Pedag\u00f3gico Social' class='pt-cv-tax-programa-pedagogico-social'>Programa Pedag\u00f3gico Social<\/a><\/span><\/div><\/div><\/div>\n<div class=\"col-md-2 col-sm-6 col-xs-12 pt-cv-content-item pt-cv-1-col\" ><div class='pt-cv-ifield'><h4 class=\"pt-cv-title\"><a href=\"https:\/\/asalaranjeiras.org.br\/site\/asa-laranjeiras-realiza-a-1a-colonia-de-ferias\/\" class=\"_self\" target=\"_self\" >Asa Laranjeiras realiza a 1\u00aa Col\u00f4nia de F\u00e9rias<\/a><\/h4>\n<div class=\"pt-cv-content\">De 19 a 23 de janeiro de 2026, em uma a\u00e7\u00e3o in\u00e9dita, nossos educadores se dedicaram \u00e0 Col\u00f4nia de F\u00e9rias ...<br \/><div class=\"pt-cv-rmwrap\"><a href=\"https:\/\/asalaranjeiras.org.br\/site\/asa-laranjeiras-realiza-a-1a-colonia-de-ferias\/\" class=\"_self pt-cv-readmore btn btn-success\" target=\"_self\">Leia Mais<\/a><\/div><\/div>\n<div class=\"pt-cv-meta-fields\"><span class=\"entry-date\"> <time datetime=\"2026-02-02T22:05:10+00:00\">02\/02\/2026<\/time><\/span><span> \/ <\/span><span class=\"terms\"> <a href='https:\/\/asalaranjeiras.org.br\/site\/category\/blog-institucional\/' title='Blog institucional' class='pt-cv-tax-blog-institucional'>Blog institucional<\/a>, <a href='https:\/\/asalaranjeiras.org.br\/site\/category\/noticias-dos-ceics\/' title='Noticias dos CEICs' class='pt-cv-tax-noticias-dos-ceics'>Noticias dos CEICs<\/a>, <a href='https:\/\/asalaranjeiras.org.br\/site\/category\/programa-pedagogico-social\/' title='Programa Pedag\u00f3gico Social' class='pt-cv-tax-programa-pedagogico-social'>Programa Pedag\u00f3gico Social<\/a><\/span><\/div><\/div><\/div>\n<div class=\"col-md-2 col-sm-6 col-xs-12 pt-cv-content-item pt-cv-1-col\" ><div class='pt-cv-ifield'><h4 class=\"pt-cv-title\"><a href=\"https:\/\/asalaranjeiras.org.br\/site\/asa-laranjeiras-e-campea-do-torneio-chacara-de-futsal\/\" class=\"_self\" target=\"_self\" >ASA Laranjeiras \u00e9 campe\u00e3 do torneio Ch\u00e1cara de futsal<\/a><\/h4>\n<div class=\"pt-cv-content\">Em 2025, a equipe do projeto de futebol da ASA Laranjeiras, categoria Sub-12, sagrou-se campe\u00e3 do torneio Ch\u00e1cara, em Paraty ...<br \/><div class=\"pt-cv-rmwrap\"><a href=\"https:\/\/asalaranjeiras.org.br\/site\/asa-laranjeiras-e-campea-do-torneio-chacara-de-futsal\/\" class=\"_self pt-cv-readmore btn btn-success\" target=\"_self\">Leia Mais<\/a><\/div><\/div>\n<div class=\"pt-cv-meta-fields\"><span class=\"entry-date\"> <time datetime=\"2026-02-02T21:59:57+00:00\">02\/02\/2026<\/time><\/span><span> \/ <\/span><span class=\"terms\"> <a href='https:\/\/asalaranjeiras.org.br\/site\/category\/programa-pedagogico-social\/escolinha-de-futebol\/' title='Escolinha de Futebol' class='pt-cv-tax-escolinha-de-futebol'>Escolinha de Futebol<\/a>, <a href='https:\/\/asalaranjeiras.org.br\/site\/category\/noticias-dos-ceics\/' title='Noticias dos CEICs' class='pt-cv-tax-noticias-dos-ceics'>Noticias dos CEICs<\/a>, <a href='https:\/\/asalaranjeiras.org.br\/site\/category\/programa-pedagogico-social\/' title='Programa Pedag\u00f3gico Social' class='pt-cv-tax-programa-pedagogico-social'>Programa Pedag\u00f3gico Social<\/a>, <a href='https:\/\/asalaranjeiras.org.br\/site\/category\/uncategorized\/' title='Uncategorized' class='pt-cv-tax-uncategorized'>Uncategorized<\/a><\/span><\/div><\/div><\/div>\n<div class=\"col-md-2 col-sm-6 col-xs-12 pt-cv-content-item pt-cv-1-col\" ><div class='pt-cv-ifield'><h4 class=\"pt-cv-title\"><a href=\"https:\/\/asalaranjeiras.org.br\/site\/projeto-de-danca-e-premiado-em-festival-em-ubatuba\/\" class=\"_self\" target=\"_self\" >Projeto de dan\u00e7a \u00e9 premiado em festival em Ubatuba<\/a><\/h4>\n<div class=\"pt-cv-content\">O projeto de dan\u00e7a da Asa Laranjeira fez bonito no 20\u00ba Festival de Dan\u00e7a de Ubatuba, realizado entre os dia ...<br \/><div class=\"pt-cv-rmwrap\"><a href=\"https:\/\/asalaranjeiras.org.br\/site\/projeto-de-danca-e-premiado-em-festival-em-ubatuba\/\" class=\"_self pt-cv-readmore btn btn-success\" target=\"_self\">Leia Mais<\/a><\/div><\/div>\n<div class=\"pt-cv-meta-fields\"><span class=\"entry-date\"> <time datetime=\"2025-08-25T21:53:42+00:00\">25\/08\/2025<\/time><\/span><span> \/ <\/span><span class=\"terms\"> <a href='https:\/\/asalaranjeiras.org.br\/site\/category\/programa-pedagogico-social\/danca\/' title='Dan\u00e7a' class='pt-cv-tax-danca'>Dan\u00e7a<\/a>, <a href='https:\/\/asalaranjeiras.org.br\/site\/category\/noticias-dos-ceics\/' title='Noticias dos CEICs' class='pt-cv-tax-noticias-dos-ceics'>Noticias dos CEICs<\/a>, <a href='https:\/\/asalaranjeiras.org.br\/site\/category\/programa-pedagogico-social\/' title='Programa Pedag\u00f3gico Social' class='pt-cv-tax-programa-pedagogico-social'>Programa Pedag\u00f3gico Social<\/a><\/span><\/div><\/div><\/div>\n<div class=\"col-md-2 col-sm-6 col-xs-12 pt-cv-content-item pt-cv-1-col\" ><div class='pt-cv-ifield'><h4 class=\"pt-cv-title\"><a href=\"https:\/\/asalaranjeiras.org.br\/site\/projeto-futebol-asa-laranjeiras-participa-de-amistosos-e-torneios\/\" class=\"_self\" target=\"_self\" >Projeto futebol ASA Laranjeiras participa de amistosos e torneios<\/a><\/h4>\n<div class=\"pt-cv-content\">Ao longo de 2025, o projeto Futebol da ASA Laranjeiras vem participando de v\u00e1rios amistosos e torneios com equipes de ...<br \/><div class=\"pt-cv-rmwrap\"><a href=\"https:\/\/asalaranjeiras.org.br\/site\/projeto-futebol-asa-laranjeiras-participa-de-amistosos-e-torneios\/\" class=\"_self pt-cv-readmore btn btn-success\" target=\"_self\">Leia Mais<\/a><\/div><\/div>\n<div class=\"pt-cv-meta-fields\"><span class=\"entry-date\"> <time datetime=\"2025-08-25T21:49:46+00:00\">25\/08\/2025<\/time><\/span><span> \/ <\/span><span class=\"terms\"> <a href='https:\/\/asalaranjeiras.org.br\/site\/category\/programa-pedagogico-social\/escolinha-de-futebol\/' title='Escolinha de Futebol' class='pt-cv-tax-escolinha-de-futebol'>Escolinha de Futebol<\/a>, <a href='https:\/\/asalaranjeiras.org.br\/site\/category\/programa-pedagogico-social\/escolinha-de-futebol-de-areia\/' title='Escolinha de Futebol de Areia' class='pt-cv-tax-escolinha-de-futebol-de-areia'>Escolinha de Futebol de Areia<\/a>, <a href='https:\/\/asalaranjeiras.org.br\/site\/category\/programa-pedagogico-social\/' title='Programa Pedag\u00f3gico Social' class='pt-cv-tax-programa-pedagogico-social'>Programa Pedag\u00f3gico Social<\/a><\/span><\/div><\/div><\/div>\n<div class=\"col-md-2 col-sm-6 col-xs-12 pt-cv-content-item pt-cv-1-col\" ><div class='pt-cv-ifield'><h4 class=\"pt-cv-title\"><a href=\"https:\/\/asalaranjeiras.org.br\/site\/asa-laranjeira-reforca-presenca-nas-comunidades\/\" class=\"_self\" target=\"_self\" >ASA Laranjeira refor\u00e7a presen\u00e7a nas comunidades<\/a><\/h4>\n<div class=\"pt-cv-content\">Em 2024, a ASA Laranjeiras ampliou o alcance de sua presen\u00e7a nas comunidades vizinhas ao Condom\u00ednio Laranjeiras com novos projetos ...<br \/><div class=\"pt-cv-rmwrap\"><a href=\"https:\/\/asalaranjeiras.org.br\/site\/asa-laranjeira-reforca-presenca-nas-comunidades\/\" class=\"_self pt-cv-readmore btn btn-success\" target=\"_self\">Leia Mais<\/a><\/div><\/div>\n<div class=\"pt-cv-meta-fields\"><span class=\"entry-date\"> <time datetime=\"2025-02-17T13:02:54+00:00\">17\/02\/2025<\/time><\/span><span> \/ <\/span><span class=\"terms\"> <a href='https:\/\/asalaranjeiras.org.br\/site\/category\/programa-pedagogico-ambiental\/' title='Programa Pedag\u00f3gico Ambiental' class='pt-cv-tax-programa-pedagogico-ambiental'>Programa Pedag\u00f3gico Ambiental<\/a>, <a href='https:\/\/asalaranjeiras.org.br\/site\/category\/programa-pedagogico-social\/' title='Programa Pedag\u00f3gico Social' class='pt-cv-tax-programa-pedagogico-social'>Programa Pedag\u00f3gico Social<\/a><\/span><\/div><\/div><\/div>\n<div class=\"col-md-2 col-sm-6 col-xs-12 pt-cv-content-item pt-cv-1-col\" ><div class='pt-cv-ifield'><h4 class=\"pt-cv-title\"><a href=\"https:\/\/asalaranjeiras.org.br\/site\/asa-inicia-as-atividades-de-2025-nos-centros-de-educacao\/\" class=\"_self\" target=\"_self\" >ASA inicia as atividades de 2025 nos Centros de Educa\u00e7\u00e3o<\/a><\/h4>\n<div class=\"pt-cv-content\">A ASA Laranjeiras, bra\u00e7o social do Condom\u00ednio Laranjeiras, deu in\u00edcio \u00e0s suas atividades de 2025 nos projetos de letramento, ingl\u00eas, ...<br \/><div class=\"pt-cv-rmwrap\"><a href=\"https:\/\/asalaranjeiras.org.br\/site\/asa-inicia-as-atividades-de-2025-nos-centros-de-educacao\/\" class=\"_self pt-cv-readmore btn btn-success\" target=\"_self\">Leia Mais<\/a><\/div><\/div>\n<div class=\"pt-cv-meta-fields\"><span class=\"entry-date\"> <time datetime=\"2025-02-17T12:57:00+00:00\">17\/02\/2025<\/time><\/span><span> \/ <\/span><span class=\"terms\"> <a href='https:\/\/asalaranjeiras.org.br\/site\/category\/programa-pedagogico-ambiental\/' title='Programa Pedag\u00f3gico Ambiental' class='pt-cv-tax-programa-pedagogico-ambiental'>Programa Pedag\u00f3gico Ambiental<\/a>, <a href='https:\/\/asalaranjeiras.org.br\/site\/category\/programa-pedagogico-social\/' title='Programa Pedag\u00f3gico Social' class='pt-cv-tax-programa-pedagogico-social'>Programa Pedag\u00f3gico Social<\/a><\/span><\/div><\/div><\/div>\n<div class=\"col-md-2 col-sm-6 col-xs-12 pt-cv-content-item pt-cv-1-col\" ><div class='pt-cv-ifield'><h4 class=\"pt-cv-title\"><a href=\"https:\/\/asalaranjeiras.org.br\/site\/escolinha-de-futebol-promove-espirito-esportivo-e-disciplina\/\" class=\"_self\" target=\"_self\" >Escolinha de Futebol promove esp\u00edrito esportivo e disciplina<\/a><\/h4>\n<div class=\"pt-cv-content\">O projeto Escolinha de Futebol \u00e9 um dos mais procurados nos CEALs da Asa Laranjeiras, e conta sempre com a ...<br \/><div class=\"pt-cv-rmwrap\"><a href=\"https:\/\/asalaranjeiras.org.br\/site\/escolinha-de-futebol-promove-espirito-esportivo-e-disciplina\/\" class=\"_self pt-cv-readmore btn btn-success\" target=\"_self\">Leia Mais<\/a><\/div><\/div>\n<div class=\"pt-cv-meta-fields\"><span class=\"entry-date\"> <time datetime=\"2024-09-25T10:09:40+00:00\">25\/09\/2024<\/time><\/span><span> \/ <\/span><span class=\"terms\"> <a href='https:\/\/asalaranjeiras.org.br\/site\/category\/programa-pedagogico-social\/escolinha-de-futebol\/' title='Escolinha de Futebol' class='pt-cv-tax-escolinha-de-futebol'>Escolinha de Futebol<\/a>, <a href='https:\/\/asalaranjeiras.org.br\/site\/category\/programa-pedagogico-social\/' title='Programa Pedag\u00f3gico Social' class='pt-cv-tax-programa-pedagogico-social'>Programa Pedag\u00f3gico Social<\/a><\/span><\/div><\/div><\/div>\n<div class=\"col-md-2 col-sm-6 col-xs-12 pt-cv-content-item pt-cv-1-col\" ><div class='pt-cv-ifield'><h4 class=\"pt-cv-title\"><a href=\"https:\/\/asalaranjeiras.org.br\/site\/alunos-do-projeto-de-jiu-jitsu-se-destacam-em-competicoes\/\" class=\"_self\" target=\"_self\" >ALUNOS DO PROJETO DE JIU-JITSU SE DESTACAM EM COMPETI\u00c7\u00d5ES<\/a><\/h4>\n<div class=\"pt-cv-content\">Os alunos do projeto de jiu-jitsu da ASA Laranjeiras v\u00eam se destacando em torneios e competi\u00e7\u00f5es na regi\u00e3o. A aluna ...<br \/><div class=\"pt-cv-rmwrap\"><a href=\"https:\/\/asalaranjeiras.org.br\/site\/alunos-do-projeto-de-jiu-jitsu-se-destacam-em-competicoes\/\" class=\"_self pt-cv-readmore btn btn-success\" target=\"_self\">Leia Mais<\/a><\/div><\/div>\n<div class=\"pt-cv-meta-fields\"><span class=\"entry-date\"> <time datetime=\"2024-09-25T10:05:26+00:00\">25\/09\/2024<\/time><\/span><span> \/ <\/span><span class=\"terms\"> <a href='https:\/\/asalaranjeiras.org.br\/site\/category\/programa-pedagogico-social\/jiu_jitso\/' title='Jiu-Jitso' class='pt-cv-tax-jiu_jitso'>Jiu-Jitso<\/a>, <a href='https:\/\/asalaranjeiras.org.br\/site\/category\/programa-pedagogico-social\/' title='Programa Pedag\u00f3gico Social' class='pt-cv-tax-programa-pedagogico-social'>Programa Pedag\u00f3gico Social<\/a><\/span><\/div><\/div><\/div>\n<div class=\"col-md-2 col-sm-6 col-xs-12 pt-cv-content-item pt-cv-1-col\" ><div class='pt-cv-ifield'><h4 class=\"pt-cv-title\"><a href=\"https:\/\/asalaranjeiras.org.br\/site\/asa-soma-mais-de-12-mil-atendimentos-em-2024\/\" class=\"_self\" target=\"_self\" >ASA Laranjeiras soma mais de 12 mil atendimentos em 2024<\/a><\/h4>\n<div class=\"pt-cv-content\">A ASA Laranjeiras encerrou o primeiro semestre de 2024 com 12.875 atendimentos, considerando os projetos nos Centros de Educa\u00e7\u00e3o ASA ...<br \/><div class=\"pt-cv-rmwrap\"><a href=\"https:\/\/asalaranjeiras.org.br\/site\/asa-soma-mais-de-12-mil-atendimentos-em-2024\/\" class=\"_self pt-cv-readmore btn btn-success\" target=\"_self\">Leia Mais<\/a><\/div><\/div>\n<div class=\"pt-cv-meta-fields\"><span class=\"entry-date\"> <time datetime=\"2024-09-02T13:18:12+00:00\">02\/09\/2024<\/time><\/span><span> \/ <\/span><span class=\"terms\"> <a href='https:\/\/asalaranjeiras.org.br\/site\/category\/programa-pedagogico-ambiental\/' title='Programa Pedag\u00f3gico Ambiental' class='pt-cv-tax-programa-pedagogico-ambiental'>Programa Pedag\u00f3gico Ambiental<\/a>, <a href='https:\/\/asalaranjeiras.org.br\/site\/category\/programa-pedagogico-social\/' title='Programa Pedag\u00f3gico Social' class='pt-cv-tax-programa-pedagogico-social'>Programa Pedag\u00f3gico Social<\/a><\/span><\/div><\/div><\/div>\n<div class=\"col-md-2 col-sm-6 col-xs-12 pt-cv-content-item pt-cv-1-col\" ><div class='pt-cv-ifield'><h4 class=\"pt-cv-title\"><a href=\"https:\/\/asalaranjeiras.org.br\/site\/projeto-de-musicalizacao-desperta-talentos-de-paraty\/\" class=\"_self\" target=\"_self\" >PROJETO DE MUSICALIZA\u00c7\u00c3O DESPERTA TALENTOS DE PARATY<\/a><\/h4>\n<div class=\"pt-cv-content\">O projeto de musicaliza\u00e7\u00e3o da Associa\u00e7\u00e3o ASA Laranjeiras envolve a sensibiliza\u00e7\u00e3o e o aprendizado de 14 instrumentos musicais. No CEAL ...<br \/><div class=\"pt-cv-rmwrap\"><a href=\"https:\/\/asalaranjeiras.org.br\/site\/projeto-de-musicalizacao-desperta-talentos-de-paraty\/\" class=\"_self pt-cv-readmore btn btn-success\" target=\"_self\">Leia Mais<\/a><\/div><\/div>\n<div class=\"pt-cv-meta-fields\"><span class=\"entry-date\"> <time datetime=\"2024-02-26T15:37:49+00:00\">26\/02\/2024<\/time><\/span><span> \/ <\/span><span class=\"terms\"> <a href='https:\/\/asalaranjeiras.org.br\/site\/category\/programa-pedagogico-social\/musicalizacao\/' title='Musicaliza\u00e7\u00e3o' class='pt-cv-tax-musicalizacao'>Musicaliza\u00e7\u00e3o<\/a>, <a href='https:\/\/asalaranjeiras.org.br\/site\/category\/programa-pedagogico-social\/' title='Programa Pedag\u00f3gico Social' class='pt-cv-tax-programa-pedagogico-social'>Programa Pedag\u00f3gico Social<\/a><\/span><\/div><\/div><\/div>\n<div class=\"col-md-2 col-sm-6 col-xs-12 pt-cv-content-item pt-cv-1-col\" ><div class='pt-cv-ifield'><h4 class=\"pt-cv-title\"><a href=\"https:\/\/asalaranjeiras.org.br\/site\/territorio-educativo-e-a-marca-do-ceal-da-ponta-negra\/\" class=\"_self\" target=\"_self\" >TERRIT\u00d3RIO EDUCATIVO \u00c9 A MARCA DO CEAL DA PONTA NEGRA<\/a><\/h4>\n<div class=\"pt-cv-content\">No CEAL da Ponta Negra, o Territ\u00f3rio Educativo \u00e9 o projeto que integra as diversas linguagens de aprendizagem e express\u00e3o ...<br \/><div class=\"pt-cv-rmwrap\"><a href=\"https:\/\/asalaranjeiras.org.br\/site\/territorio-educativo-e-a-marca-do-ceal-da-ponta-negra\/\" class=\"_self pt-cv-readmore btn btn-success\" target=\"_self\">Leia Mais<\/a><\/div><\/div>\n<div class=\"pt-cv-meta-fields\"><span class=\"entry-date\"> <time datetime=\"2024-02-26T15:28:21+00:00\">26\/02\/2024<\/time><\/span><span> \/ <\/span><span class=\"terms\"> <a href='https:\/\/asalaranjeiras.org.br\/site\/category\/programa-pedagogico-social\/letramento-mediacao-e-leitura\/' title='Letramento, Media\u00e7\u00e3o e Leitura' class='pt-cv-tax-letramento-mediacao-e-leitura'>Letramento, Media\u00e7\u00e3o e Leitura<\/a>, <a href='https:\/\/asalaranjeiras.org.br\/site\/category\/programa-pedagogico-social\/' title='Programa Pedag\u00f3gico Social' class='pt-cv-tax-programa-pedagogico-social'>Programa Pedag\u00f3gico Social<\/a>, <a href='https:\/\/asalaranjeiras.org.br\/site\/category\/programa-pedagogico-social\/territorio-integrado-ponta-negra\/' title='Territ\u00f3rio Integrado Ponta Negra' class='pt-cv-tax-territorio-integrado-ponta-negra'>Territ\u00f3rio Integrado Ponta Negra<\/a><\/span><\/div><\/div><\/div>\n<div class=\"col-md-2 col-sm-6 col-xs-12 pt-cv-content-item pt-cv-1-col\" ><div class='pt-cv-ifield'><h4 class=\"pt-cv-title\"><a href=\"https:\/\/asalaranjeiras.org.br\/site\/projeto-letramento-atua-nos-ceals-e-escolas-parceiras\/\" class=\"_self\" target=\"_self\" >PROJETO LETRAMENTO ATUA NOS CEALS E ESCOLAS PARCEIRAS<\/a><\/h4>\n<div class=\"pt-cv-content\">Cultivar o gosto pela leitura na inf\u00e2ncia \u00e9 o principal objetivo do projeto Letramento realizado pela ASA Laranjeiras nos Centros ...<br \/><div class=\"pt-cv-rmwrap\"><a href=\"https:\/\/asalaranjeiras.org.br\/site\/projeto-letramento-atua-nos-ceals-e-escolas-parceiras\/\" class=\"_self pt-cv-readmore btn btn-success\" target=\"_self\">Leia Mais<\/a><\/div><\/div>\n<div class=\"pt-cv-meta-fields\"><span class=\"entry-date\"> <time datetime=\"2024-02-26T15:14:56+00:00\">26\/02\/2024<\/time><\/span><span> \/ <\/span><span class=\"terms\"> <a href='https:\/\/asalaranjeiras.org.br\/site\/category\/programa-pedagogico-social\/letramento-mediacao-e-leitura\/' title='Letramento, Media\u00e7\u00e3o e Leitura' class='pt-cv-tax-letramento-mediacao-e-leitura'>Letramento, Media\u00e7\u00e3o e Leitura<\/a>, <a href='https:\/\/asalaranjeiras.org.br\/site\/category\/programa-pedagogico-social\/' title='Programa Pedag\u00f3gico Social' class='pt-cv-tax-programa-pedagogico-social'>Programa Pedag\u00f3gico Social<\/a><\/span><\/div><\/div><\/div>\n<div class=\"col-md-2 col-sm-6 col-xs-12 pt-cv-content-item pt-cv-1-col\" ><div class='pt-cv-ifield'><h4 class=\"pt-cv-title\"><a href=\"https:\/\/asalaranjeiras.org.br\/site\/projeto-letramento-atua-nos-ceics-e-escolas-parceiras\/\" class=\"_self\" target=\"_self\" >Projeto Letramento atua nos CEICs e escolas parceiras<\/a><\/h4>\n<div class=\"pt-cv-content\">Iniciativa promove a escrita, a leitura e a oralidade no desenvolvimento infantil Cultivar o gosto pela leitura na inf\u00e2ncia \u00e9 ...<br \/><div class=\"pt-cv-rmwrap\"><a href=\"https:\/\/asalaranjeiras.org.br\/site\/projeto-letramento-atua-nos-ceics-e-escolas-parceiras\/\" class=\"_self pt-cv-readmore btn btn-success\" target=\"_self\">Leia Mais<\/a><\/div><\/div>\n<div class=\"pt-cv-meta-fields\"><span class=\"entry-date\"> <time datetime=\"2023-08-29T18:55:19+00:00\">29\/08\/2023<\/time><\/span><span> \/ <\/span><span class=\"terms\"> <a href='https:\/\/asalaranjeiras.org.br\/site\/category\/programa-pedagogico-social\/letramento-mediacao-e-leitura\/' title='Letramento, Media\u00e7\u00e3o e Leitura' class='pt-cv-tax-letramento-mediacao-e-leitura'>Letramento, Media\u00e7\u00e3o e Leitura<\/a>, <a href='https:\/\/asalaranjeiras.org.br\/site\/category\/programa-pedagogico-social\/' title='Programa Pedag\u00f3gico Social' class='pt-cv-tax-programa-pedagogico-social'>Programa Pedag\u00f3gico Social<\/a><\/span><\/div><\/div><\/div>\n<div class=\"col-md-2 col-sm-6 col-xs-12 pt-cv-content-item pt-cv-1-col\" ><div class='pt-cv-ifield'><h4 class=\"pt-cv-title\"><a href=\"https:\/\/asalaranjeiras.org.br\/site\/associacao-cairucu-marca-presenca-na-mostra-danca-e-arte-paraty\/\" class=\"_self\" target=\"_self\" >Associa\u00e7\u00e3o Cairu\u00e7u marca presen\u00e7a na Mostra Dan\u00e7a e Arte Paraty<\/a><\/h4>\n<div class=\"pt-cv-content\">35 alunos do Grupo de Dan\u00e7a Cairu\u00e7u participaram das apresenta\u00e7\u00f5es A Associa\u00e7\u00e3o Cairu\u00e7u participou por mais um ano da Mostra ...<br \/><div class=\"pt-cv-rmwrap\"><a href=\"https:\/\/asalaranjeiras.org.br\/site\/associacao-cairucu-marca-presenca-na-mostra-danca-e-arte-paraty\/\" class=\"_self pt-cv-readmore btn btn-success\" target=\"_self\">Leia Mais<\/a><\/div><\/div>\n<div class=\"pt-cv-meta-fields\"><span class=\"entry-date\"> <time datetime=\"2023-07-12T21:44:05+00:00\">12\/07\/2023<\/time><\/span><span> \/ <\/span><span class=\"terms\"> <a href='https:\/\/asalaranjeiras.org.br\/site\/category\/programa-pedagogico-social\/danca\/' title='Dan\u00e7a' class='pt-cv-tax-danca'>Dan\u00e7a<\/a>, <a href='https:\/\/asalaranjeiras.org.br\/site\/category\/programa-pedagogico-social\/' title='Programa Pedag\u00f3gico Social' class='pt-cv-tax-programa-pedagogico-social'>Programa Pedag\u00f3gico Social<\/a><\/span><\/div><\/div><\/div>\n<div class=\"col-md-2 col-sm-6 col-xs-12 pt-cv-content-item pt-cv-1-col\" ><div class='pt-cv-ifield'><h4 class=\"pt-cv-title\"><a href=\"https:\/\/asalaranjeiras.org.br\/site\/adolescentes-de-paraty-escrevem-sobre-o-patrimonio-cultural-da-regiao-em-revista-da-associacao-cairucu\/\" class=\"_self\" target=\"_self\" >Adolescentes de Paraty escrevem sobre o patrim\u00f4nio cultural da regi\u00e3o em revista da Associa\u00e7\u00e3o Cairu\u00e7u<\/a><\/h4>\n<div class=\"pt-cv-content\">Revista CEIC \u00e9 iniciativa do Projeto Jovem Comunicador em parceria com a Secretaria de Cultura de Paraty, Coordenadoria da Juventude ...<br \/><div class=\"pt-cv-rmwrap\"><a href=\"https:\/\/asalaranjeiras.org.br\/site\/adolescentes-de-paraty-escrevem-sobre-o-patrimonio-cultural-da-regiao-em-revista-da-associacao-cairucu\/\" class=\"_self pt-cv-readmore btn btn-success\" target=\"_self\">Leia Mais<\/a><\/div><\/div>\n<div class=\"pt-cv-meta-fields\"><span class=\"entry-date\"> <time datetime=\"2023-04-24T15:45:20+00:00\">24\/04\/2023<\/time><\/span><span> \/ <\/span><span class=\"terms\"> <a href='https:\/\/asalaranjeiras.org.br\/site\/category\/programa-pedagogico-social\/informatica-educativa\/' title='Inform\u00e1tica Educativa' class='pt-cv-tax-informatica-educativa'>Inform\u00e1tica Educativa<\/a>, <a href='https:\/\/asalaranjeiras.org.br\/site\/category\/programa-pedagogico-social\/' title='Programa Pedag\u00f3gico Social' class='pt-cv-tax-programa-pedagogico-social'>Programa Pedag\u00f3gico Social<\/a><\/span><\/div><\/div><\/div>\n<div class=\"col-md-2 col-sm-6 col-xs-12 pt-cv-content-item pt-cv-1-col\" ><div class='pt-cv-ifield'><h4 class=\"pt-cv-title\"><a href=\"https:\/\/asalaranjeiras.org.br\/site\/projeto-jovem-comunicador-pesquisa-e-vive-a-cidade\/\" class=\"_self\" target=\"_self\" >Projeto Jovem Comunicador pesquisa e vive a cidade<\/a><\/h4>\n<div class=\"pt-cv-content\">Oito adolescentes participaram da cria\u00e7\u00e3o da 6\u00aa edi\u00e7\u00e3o da Revista CEIC que ser\u00e1 lan\u00e7ada em 2023 Desde o ano de ...<br \/><div class=\"pt-cv-rmwrap\"><a href=\"https:\/\/asalaranjeiras.org.br\/site\/projeto-jovem-comunicador-pesquisa-e-vive-a-cidade\/\" class=\"_self pt-cv-readmore btn btn-success\" target=\"_self\">Leia Mais<\/a><\/div><\/div>\n<div class=\"pt-cv-meta-fields\"><span class=\"entry-date\"> <time datetime=\"2022-12-20T12:45:05+00:00\">20\/12\/2022<\/time><\/span><span> \/ <\/span><span class=\"terms\"> <a href='https:\/\/asalaranjeiras.org.br\/site\/category\/programa-pedagogico-social\/informatica-educativa\/' title='Inform\u00e1tica Educativa' class='pt-cv-tax-informatica-educativa'>Inform\u00e1tica Educativa<\/a>, <a href='https:\/\/asalaranjeiras.org.br\/site\/category\/programa-pedagogico-social\/' title='Programa Pedag\u00f3gico Social' class='pt-cv-tax-programa-pedagogico-social'>Programa Pedag\u00f3gico Social<\/a><\/span><\/div><\/div><\/div>\n<div class=\"col-md-2 col-sm-6 col-xs-12 pt-cv-content-item pt-cv-1-col\" ><div class='pt-cv-ifield'><h4 class=\"pt-cv-title\"><a href=\"https:\/\/asalaranjeiras.org.br\/site\/uma-noite-de-musica-e-emocao\/\" class=\"_self\" target=\"_self\" >Uma noite de m\u00fasica e emo\u00e7\u00e3o<\/a><\/h4>\n<div class=\"pt-cv-content\">No dia 3 de dezembro, encerrando as comemora\u00e7\u00f5es pelos 20 anos da Associa\u00e7\u00e3o Cairu\u00e7u, o Conjunto Musical Cairu\u00e7u apresentou o ...<br \/><div class=\"pt-cv-rmwrap\"><a href=\"https:\/\/asalaranjeiras.org.br\/site\/uma-noite-de-musica-e-emocao\/\" class=\"_self pt-cv-readmore btn btn-success\" target=\"_self\">Leia Mais<\/a><\/div><\/div>\n<div class=\"pt-cv-meta-fields\"><span class=\"entry-date\"> <time datetime=\"2022-12-08T15:00:49+00:00\">08\/12\/2022<\/time><\/span><span> \/ <\/span><span class=\"terms\"> <a href='https:\/\/asalaranjeiras.org.br\/site\/category\/programa-pedagogico-social\/musicalizacao\/' title='Musicaliza\u00e7\u00e3o' class='pt-cv-tax-musicalizacao'>Musicaliza\u00e7\u00e3o<\/a>, <a href='https:\/\/asalaranjeiras.org.br\/site\/category\/programa-pedagogico-social\/' title='Programa Pedag\u00f3gico Social' class='pt-cv-tax-programa-pedagogico-social'>Programa Pedag\u00f3gico Social<\/a><\/span><\/div><\/div><\/div>\n<div class=\"col-md-2 col-sm-6 col-xs-12 pt-cv-content-item pt-cv-1-col\" ><div class='pt-cv-ifield'><h4 class=\"pt-cv-title\"><a href=\"https:\/\/asalaranjeiras.org.br\/site\/sacola-literaria-e-a-criacao-do-habito-da-leitura\/\" class=\"_self\" target=\"_self\" >Sacola Liter\u00e1ria e a cria\u00e7\u00e3o do h\u00e1bito da leitura<\/a><\/h4>\n<div class=\"pt-cv-content\">Projeto Letramento desenvolve um ritual afetivo na hora do empr\u00e9stimo de livros e amplia seu acervo atrav\u00e9s de Edital H\u00e1 ...<br \/><div class=\"pt-cv-rmwrap\"><a href=\"https:\/\/asalaranjeiras.org.br\/site\/sacola-literaria-e-a-criacao-do-habito-da-leitura\/\" class=\"_self pt-cv-readmore btn btn-success\" target=\"_self\">Leia Mais<\/a><\/div><\/div>\n<div class=\"pt-cv-meta-fields\"><span class=\"entry-date\"> <time datetime=\"2022-11-21T20:11:13+00:00\">21\/11\/2022<\/time><\/span><span> \/ <\/span><span class=\"terms\"> <a href='https:\/\/asalaranjeiras.org.br\/site\/category\/programa-pedagogico-social\/letramento-mediacao-e-leitura\/' title='Letramento, Media\u00e7\u00e3o e Leitura' class='pt-cv-tax-letramento-mediacao-e-leitura'>Letramento, Media\u00e7\u00e3o e Leitura<\/a>, <a href='https:\/\/asalaranjeiras.org.br\/site\/category\/programa-pedagogico-social\/' title='Programa Pedag\u00f3gico Social' class='pt-cv-tax-programa-pedagogico-social'>Programa Pedag\u00f3gico Social<\/a><\/span><\/div><\/div><\/div>\n<div class=\"col-md-2 col-sm-6 col-xs-12 pt-cv-content-item pt-cv-1-col\" ><div class='pt-cv-ifield'><h4 class=\"pt-cv-title\"><a href=\"https:\/\/asalaranjeiras.org.br\/site\/associacao-cairucu-promove-o-uso-da-tecnologia-entre-alunos-das-escolas-municipais-de-paraty\/\" class=\"_self\" target=\"_self\" >Associa\u00e7\u00e3o Cairu\u00e7u promove o uso da tecnologia entre alunos das escolas municipais de Paraty<\/a><\/h4>\n<div class=\"pt-cv-content\">O Programa Tecnologia e Inova\u00e7\u00e3o \u00e9 o respons\u00e1vel por colocar os p\u00e9s da Associa\u00e7\u00e3o Cairu\u00e7u no futuro e com essa ...<br \/><div class=\"pt-cv-rmwrap\"><a href=\"https:\/\/asalaranjeiras.org.br\/site\/associacao-cairucu-promove-o-uso-da-tecnologia-entre-alunos-das-escolas-municipais-de-paraty\/\" class=\"_self pt-cv-readmore btn btn-success\" target=\"_self\">Leia Mais<\/a><\/div><\/div>\n<div class=\"pt-cv-meta-fields\"><span class=\"entry-date\"> <time datetime=\"2022-10-19T23:07:07+00:00\">19\/10\/2022<\/time><\/span><span> \/ <\/span><span class=\"terms\"> <a href='https:\/\/asalaranjeiras.org.br\/site\/category\/programa-pedagogico-social\/informatica-educativa\/' title='Inform\u00e1tica Educativa' class='pt-cv-tax-informatica-educativa'>Inform\u00e1tica Educativa<\/a>, <a href='https:\/\/asalaranjeiras.org.br\/site\/category\/programa-pedagogico-social\/' title='Programa Pedag\u00f3gico Social' class='pt-cv-tax-programa-pedagogico-social'>Programa Pedag\u00f3gico Social<\/a><\/span><\/div><\/div><\/div>\n<div class=\"col-md-2 col-sm-6 col-xs-12 pt-cv-content-item pt-cv-1-col\" ><div class='pt-cv-ifield'><h4 class=\"pt-cv-title\"><a href=\"https:\/\/asalaranjeiras.org.br\/site\/associacao-cairucu-e-condominio-laranjeiras-levam-acao-do-amigo-da-vez-para-ponta-negra-praia-do-sono-e-vila-oratorio\/\" class=\"_self\" target=\"_self\" >Associa\u00e7\u00e3o Cairu\u00e7u e Condom\u00ednio Laranjeiras levam a\u00e7\u00e3o do \u201cAmigo da Vez\u201d para Ponta Negra, Praia do Sono e Vila Orat\u00f3rio<\/a><\/h4>\n<div class=\"pt-cv-content\">Entre os dias 23 e 26 de agosto, os dentistas da ONG Amigo da Vez realizaram a a\u00e7\u00e3o \u201cSorrindo para ...<br \/><div class=\"pt-cv-rmwrap\"><a href=\"https:\/\/asalaranjeiras.org.br\/site\/associacao-cairucu-e-condominio-laranjeiras-levam-acao-do-amigo-da-vez-para-ponta-negra-praia-do-sono-e-vila-oratorio\/\" class=\"_self pt-cv-readmore btn btn-success\" target=\"_self\">Leia Mais<\/a><\/div><\/div>\n<div class=\"pt-cv-meta-fields\"><span class=\"entry-date\"> <time datetime=\"2022-09-21T20:04:39+00:00\">21\/09\/2022<\/time><\/span><span> \/ <\/span><span class=\"terms\"> <a href='https:\/\/asalaranjeiras.org.br\/site\/category\/programa-pedagogico-ambiental\/' title='Programa Pedag\u00f3gico Ambiental' class='pt-cv-tax-programa-pedagogico-ambiental'>Programa Pedag\u00f3gico Ambiental<\/a>, <a href='https:\/\/asalaranjeiras.org.br\/site\/category\/programa-pedagogico-social\/' title='Programa Pedag\u00f3gico Social' class='pt-cv-tax-programa-pedagogico-social'>Programa Pedag\u00f3gico Social<\/a>, <a href='https:\/\/asalaranjeiras.org.br\/site\/category\/programa-pedagogico-ambiental\/saude-preventiva\/' title='Sa\u00fade Preventiva' class='pt-cv-tax-saude-preventiva'>Sa\u00fade Preventiva<\/a><\/span><\/div><\/div><\/div>\n<div class=\"col-md-2 col-sm-6 col-xs-12 pt-cv-content-item pt-cv-1-col\" ><div class='pt-cv-ifield'><h4 class=\"pt-cv-title\"><a href=\"https:\/\/asalaranjeiras.org.br\/site\/projeto-jovem-comunicador-recebe-mocao-honrosa-na-camara-de-vereadores-de-paraty\/\" class=\"_self\" target=\"_self\" >Projeto Jovem Comunicador recebe Mo\u00e7\u00e3o Honrosa na C\u00e2mara de Vereadores de Paraty<\/a><\/h4>\n<div class=\"pt-cv-content\">Comunicar \u00e9 compartilhar conhecimento e emo\u00e7\u00f5es. \u00c9 tamb\u00e9m conectar pessoas, promover a troca de saberes, divulgar conte\u00fados, realiza\u00e7\u00f5es e projetos ...<br \/><div class=\"pt-cv-rmwrap\"><a href=\"https:\/\/asalaranjeiras.org.br\/site\/projeto-jovem-comunicador-recebe-mocao-honrosa-na-camara-de-vereadores-de-paraty\/\" class=\"_self pt-cv-readmore btn btn-success\" target=\"_self\">Leia Mais<\/a><\/div><\/div>\n<div class=\"pt-cv-meta-fields\"><span class=\"entry-date\"> <time datetime=\"2022-02-08T20:56:55+00:00\">08\/02\/2022<\/time><\/span><span> \/ <\/span><span class=\"terms\"> <a href='https:\/\/asalaranjeiras.org.br\/site\/category\/programa-pedagogico-social\/informatica-educativa\/' title='Inform\u00e1tica Educativa' class='pt-cv-tax-informatica-educativa'>Inform\u00e1tica Educativa<\/a>, <a href='https:\/\/asalaranjeiras.org.br\/site\/category\/programa-pedagogico-social\/' title='Programa Pedag\u00f3gico Social' class='pt-cv-tax-programa-pedagogico-social'>Programa Pedag\u00f3gico Social<\/a><\/span><\/div><\/div><\/div>\n<div class=\"col-md-2 col-sm-6 col-xs-12 pt-cv-content-item pt-cv-1-col\" ><div class='pt-cv-ifield'><h4 class=\"pt-cv-title\"><a href=\"https:\/\/asalaranjeiras.org.br\/site\/jovem-comunicador-lanca-5a-edicao-da-revista-ceic\/\" class=\"_self\" target=\"_self\" >Jovem Comunicador lan\u00e7a 5\u00aa edi\u00e7\u00e3o da Revista CEIC<\/a><\/h4>\n<div class=\"pt-cv-content\">Publica\u00e7\u00e3o aborda o Patrim\u00f4nio cultural e natural de Paraty e est\u00e1 dispon\u00edvel on-line Desenvolvida por seis adolescentes paratienses, a Revista ...<br \/><div class=\"pt-cv-rmwrap\"><a href=\"https:\/\/asalaranjeiras.org.br\/site\/jovem-comunicador-lanca-5a-edicao-da-revista-ceic\/\" class=\"_self pt-cv-readmore btn btn-success\" target=\"_self\">Leia Mais<\/a><\/div><\/div>\n<div class=\"pt-cv-meta-fields\"><span class=\"entry-date\"> <time datetime=\"2022-02-08T20:56:04+00:00\">08\/02\/2022<\/time><\/span><span> \/ <\/span><span class=\"terms\"> <a href='https:\/\/asalaranjeiras.org.br\/site\/category\/programa-pedagogico-social\/informatica-educativa\/' title='Inform\u00e1tica Educativa' class='pt-cv-tax-informatica-educativa'>Inform\u00e1tica Educativa<\/a>, <a href='https:\/\/asalaranjeiras.org.br\/site\/category\/programa-pedagogico-social\/' title='Programa Pedag\u00f3gico Social' class='pt-cv-tax-programa-pedagogico-social'>Programa Pedag\u00f3gico Social<\/a><\/span><\/div><\/div><\/div>\n<div class=\"col-md-2 col-sm-6 col-xs-12 pt-cv-content-item pt-cv-1-col\" ><div class='pt-cv-ifield'><h4 class=\"pt-cv-title\"><a href=\"https:\/\/asalaranjeiras.org.br\/site\/musica-e-poesia-no-programa-arte-e-educacao\/\" class=\"_self\" target=\"_self\" >Musica e Poesia no Programa Arte e Educa\u00e7\u00e3o<\/a><\/h4>\n<div class=\"pt-cv-content\">Conjunto Musical Cairu\u00e7u emociona o p\u00fablico no CEIC Patrim\u00f4nio O encerramento do ano letivo 2021 contou com momentos comoventes como ...<br \/><div class=\"pt-cv-rmwrap\"><a href=\"https:\/\/asalaranjeiras.org.br\/site\/musica-e-poesia-no-programa-arte-e-educacao\/\" class=\"_self pt-cv-readmore btn btn-success\" target=\"_self\">Leia Mais<\/a><\/div><\/div>\n<div class=\"pt-cv-meta-fields\"><span class=\"entry-date\"> <time datetime=\"2022-02-08T20:32:16+00:00\">08\/02\/2022<\/time><\/span><span> \/ <\/span><span class=\"terms\"> <a href='https:\/\/asalaranjeiras.org.br\/site\/category\/programa-pedagogico-social\/musicalizacao\/' title='Musicaliza\u00e7\u00e3o' class='pt-cv-tax-musicalizacao'>Musicaliza\u00e7\u00e3o<\/a>, <a href='https:\/\/asalaranjeiras.org.br\/site\/category\/programa-pedagogico-social\/' title='Programa Pedag\u00f3gico Social' class='pt-cv-tax-programa-pedagogico-social'>Programa Pedag\u00f3gico Social<\/a><\/span><\/div><\/div><\/div>\n<div class=\"col-md-2 col-sm-6 col-xs-12 pt-cv-content-item pt-cv-1-col\" ><div class='pt-cv-ifield'><h4 class=\"pt-cv-title\"><a href=\"https:\/\/asalaranjeiras.org.br\/site\/programa-arte-e-educacao-amplia-atividades-na-rede-publica-de-ensino\/\" class=\"_self\" target=\"_self\" >Programa Arte e Educa\u00e7\u00e3o amplia atividades na rede p\u00fablica de ensino<\/a><\/h4>\n<div class=\"pt-cv-content\">Para contribuir com um ensino de qualidade e afetividade no territ\u00f3rio, a parceria da Associa\u00e7\u00e3o Cairu\u00e7u com a Secretaria de ...<br \/><div class=\"pt-cv-rmwrap\"><a href=\"https:\/\/asalaranjeiras.org.br\/site\/programa-arte-e-educacao-amplia-atividades-na-rede-publica-de-ensino\/\" class=\"_self pt-cv-readmore btn btn-success\" target=\"_self\">Leia Mais<\/a><\/div><\/div>\n<div class=\"pt-cv-meta-fields\"><span class=\"entry-date\"> <time datetime=\"2021-10-25T16:02:42+00:00\">25\/10\/2021<\/time><\/span><span> \/ <\/span><span class=\"terms\"> <a href='https:\/\/asalaranjeiras.org.br\/site\/category\/programa-pedagogico-social\/' title='Programa Pedag\u00f3gico Social' class='pt-cv-tax-programa-pedagogico-social'>Programa Pedag\u00f3gico Social<\/a><\/span><\/div><\/div><\/div>\n<div class=\"col-md-2 col-sm-6 col-xs-12 pt-cv-content-item pt-cv-1-col\" ><div class='pt-cv-ifield'><h4 class=\"pt-cv-title\"><a href=\"https:\/\/asalaranjeiras.org.br\/site\/brincadeira-de-crianca-e-conhecer-a-si-mesmo-e-ao-mundo\/\" class=\"_self\" target=\"_self\" >Brincadeira de crian\u00e7a \u00e9 conhecer a si mesmo e ao mundo<\/a><\/h4>\n<div class=\"pt-cv-content\">O brincar na inf\u00e2ncia desenvolve habilidades socioemocionais que ser\u00e3o levadas para a vida adulta \u00c9 por meio das brincadeiras que ...<br \/><div class=\"pt-cv-rmwrap\"><a href=\"https:\/\/asalaranjeiras.org.br\/site\/brincadeira-de-crianca-e-conhecer-a-si-mesmo-e-ao-mundo\/\" class=\"_self pt-cv-readmore btn btn-success\" target=\"_self\">Leia Mais<\/a><\/div><\/div>\n<div class=\"pt-cv-meta-fields\"><span class=\"entry-date\"> <time datetime=\"2021-10-25T15:57:22+00:00\">25\/10\/2021<\/time><\/span><span> \/ <\/span><span class=\"terms\"> <a href='https:\/\/asalaranjeiras.org.br\/site\/category\/programa-pedagogico-social\/' title='Programa Pedag\u00f3gico Social' class='pt-cv-tax-programa-pedagogico-social'>Programa Pedag\u00f3gico Social<\/a><\/span><\/div><\/div><\/div>\n<div class=\"col-md-2 col-sm-6 col-xs-12 pt-cv-content-item pt-cv-1-col\" ><div class='pt-cv-ifield'><h4 class=\"pt-cv-title\"><a href=\"https:\/\/asalaranjeiras.org.br\/site\/misturando-farinha-e-audiovisual-em-ponta-negra\/\" class=\"_self\" target=\"_self\" >Misturando farinha e audiovisual em Ponta Negra<\/a><\/h4>\n<div class=\"pt-cv-content\">Projeto V\u00eddeo registra a produ\u00e7\u00e3o da farinha de mandioca na comunidade cai\u00e7ara atrav\u00e9s do olhar das crian\u00e7as Atrav\u00e9s das lentes ...<br \/><div class=\"pt-cv-rmwrap\"><a href=\"https:\/\/asalaranjeiras.org.br\/site\/misturando-farinha-e-audiovisual-em-ponta-negra\/\" class=\"_self pt-cv-readmore btn btn-success\" target=\"_self\">Leia Mais<\/a><\/div><\/div>\n<div class=\"pt-cv-meta-fields\"><span class=\"entry-date\"> <time datetime=\"2021-10-25T15:50:30+00:00\">25\/10\/2021<\/time><\/span><span> \/ <\/span><span class=\"terms\"> <a href='https:\/\/asalaranjeiras.org.br\/site\/category\/programa-pedagogico-social\/informatica-educativa\/' title='Inform\u00e1tica Educativa' class='pt-cv-tax-informatica-educativa'>Inform\u00e1tica Educativa<\/a>, <a href='https:\/\/asalaranjeiras.org.br\/site\/category\/programa-pedagogico-social\/' title='Programa Pedag\u00f3gico Social' class='pt-cv-tax-programa-pedagogico-social'>Programa Pedag\u00f3gico Social<\/a><\/span><\/div><\/div><\/div>\n<div class=\"col-md-2 col-sm-6 col-xs-12 pt-cv-content-item pt-cv-1-col\" ><div class='pt-cv-ifield'><h4 class=\"pt-cv-title\"><a href=\"https:\/\/asalaranjeiras.org.br\/site\/modernismo-para-criancas\/\" class=\"_self\" target=\"_self\" >MODERNISMO PARA CRIAN\u00c7AS<\/a><\/h4>\n<div class=\"pt-cv-content\">Programa Arte e Educa\u00e7\u00e3o apresenta artistas modernistas nas oficinas de artes O que o Modernismo pode ensinar a nossas crian\u00e7as? ...<br \/><div class=\"pt-cv-rmwrap\"><a href=\"https:\/\/asalaranjeiras.org.br\/site\/modernismo-para-criancas\/\" class=\"_self pt-cv-readmore btn btn-success\" target=\"_self\">Leia Mais<\/a><\/div><\/div>\n<div class=\"pt-cv-meta-fields\"><span class=\"entry-date\"> <time datetime=\"2021-04-06T15:32:41+00:00\">06\/04\/2021<\/time><\/span><span> \/ <\/span><span class=\"terms\"> <a href='https:\/\/asalaranjeiras.org.br\/site\/category\/programa-pedagogico-social\/' title='Programa Pedag\u00f3gico Social' class='pt-cv-tax-programa-pedagogico-social'>Programa Pedag\u00f3gico Social<\/a><\/span><\/div><\/div><\/div>\n<div class=\"col-md-2 col-sm-6 col-xs-12 pt-cv-content-item pt-cv-1-col\" ><div class='pt-cv-ifield'><h4 class=\"pt-cv-title\"><a href=\"https:\/\/asalaranjeiras.org.br\/site\/programa-esporte-educacional-de-cabeca-na-historia-do-futebol\/\" class=\"_self\" target=\"_self\" >PROGRAMA ESPORTE EDUCACIONAL DE CABE\u00c7A NA HIST\u00d3RIA DO FUTEBOL<\/a><\/h4>\n<div class=\"pt-cv-content\">No \u00faltimo ano letivo o Programa Esporte Educacional come\u00e7ou a contar a hist\u00f3ria de um dos esportes queridinhos do nosso ...<br \/><div class=\"pt-cv-rmwrap\"><a href=\"https:\/\/asalaranjeiras.org.br\/site\/programa-esporte-educacional-de-cabeca-na-historia-do-futebol\/\" class=\"_self pt-cv-readmore btn btn-success\" target=\"_self\">Leia Mais<\/a><\/div><\/div>\n<div class=\"pt-cv-meta-fields\"><span class=\"entry-date\"> <time datetime=\"2021-03-12T17:41:35+00:00\">12\/03\/2021<\/time><\/span><span> \/ <\/span><span class=\"terms\"> <a href='https:\/\/asalaranjeiras.org.br\/site\/category\/programa-pedagogico-social\/escolinha-de-futebol\/' title='Escolinha de Futebol' class='pt-cv-tax-escolinha-de-futebol'>Escolinha de Futebol<\/a>, <a href='https:\/\/asalaranjeiras.org.br\/site\/category\/programa-pedagogico-social\/' title='Programa Pedag\u00f3gico Social' class='pt-cv-tax-programa-pedagogico-social'>Programa Pedag\u00f3gico Social<\/a><\/span><\/div><\/div><\/div>\n<div class=\"col-md-2 col-sm-6 col-xs-12 pt-cv-content-item pt-cv-1-col\" ><div class='pt-cv-ifield'><h4 class=\"pt-cv-title\"><a href=\"https:\/\/asalaranjeiras.org.br\/site\/projeto-tecnologia-educacional\/\" class=\"_self\" target=\"_self\" >PROJETO TECNOLOGIA EDUCACIONAL<\/a><\/h4>\n<div class=\"pt-cv-content\">&#x1f468;&#x200d;&#x1f4bb;Para capacitar os professores da rede de ensino municipal na retomada das aulas em modelo h\u00edbrido, fechamos uma importante parceria ...<br \/><div class=\"pt-cv-rmwrap\"><a href=\"https:\/\/asalaranjeiras.org.br\/site\/projeto-tecnologia-educacional\/\" class=\"_self pt-cv-readmore btn btn-success\" target=\"_self\">Leia Mais<\/a><\/div><\/div>\n<div class=\"pt-cv-meta-fields\"><span class=\"entry-date\"> <time datetime=\"2021-03-12T12:27:09+00:00\">12\/03\/2021<\/time><\/span><span> \/ <\/span><span class=\"terms\"> <a href='https:\/\/asalaranjeiras.org.br\/site\/category\/programa-pedagogico-social\/informatica-educativa\/' title='Inform\u00e1tica Educativa' class='pt-cv-tax-informatica-educativa'>Inform\u00e1tica Educativa<\/a>, <a href='https:\/\/asalaranjeiras.org.br\/site\/category\/programa-pedagogico-social\/' title='Programa Pedag\u00f3gico Social' class='pt-cv-tax-programa-pedagogico-social'>Programa Pedag\u00f3gico Social<\/a><\/span><\/div><\/div><\/div>\n<div class=\"col-md-2 col-sm-6 col-xs-12 pt-cv-content-item pt-cv-1-col\" ><div class='pt-cv-ifield'><h4 class=\"pt-cv-title\"><a href=\"https:\/\/asalaranjeiras.org.br\/site\/participacao-de-elisa-pereira-na-festa-literaria-internacional-de-paraty\/\" class=\"_self\" target=\"_self\" >PARTICIPA\u00c7\u00c3O DE ELISA PEREIRA NA FESTA LITER\u00c1RIA INTERNACIONAL DE PARATY<\/a><\/h4>\n<div class=\"pt-cv-content\">Poetisa e integrante da fam\u00edlia Cairu\u00e7u foi uma das convidadas da FLIP 2020 A equipe da associa\u00e7\u00e3o Cairu\u00e7u \u00e9 formada ...<br \/><div class=\"pt-cv-rmwrap\"><a href=\"https:\/\/asalaranjeiras.org.br\/site\/participacao-de-elisa-pereira-na-festa-literaria-internacional-de-paraty\/\" class=\"_self pt-cv-readmore btn btn-success\" target=\"_self\">Leia Mais<\/a><\/div><\/div>\n<div class=\"pt-cv-meta-fields\"><span class=\"entry-date\"> <time datetime=\"2020-12-22T20:01:40+00:00\">22\/12\/2020<\/time><\/span><span> \/ <\/span><span class=\"terms\"> <a href='https:\/\/asalaranjeiras.org.br\/site\/category\/programa-pedagogico-social\/letramento-mediacao-e-leitura\/' title='Letramento, Media\u00e7\u00e3o e Leitura' class='pt-cv-tax-letramento-mediacao-e-leitura'>Letramento, Media\u00e7\u00e3o e Leitura<\/a>, <a href='https:\/\/asalaranjeiras.org.br\/site\/category\/programa-pedagogico-social\/' title='Programa Pedag\u00f3gico Social' class='pt-cv-tax-programa-pedagogico-social'>Programa Pedag\u00f3gico Social<\/a><\/span><\/div><\/div><\/div>\n<div class=\"col-md-2 col-sm-6 col-xs-12 pt-cv-content-item pt-cv-1-col\" ><div class='pt-cv-ifield'><h4 class=\"pt-cv-title\"><a href=\"https:\/\/asalaranjeiras.org.br\/site\/associacao-cairucu-no-ii-simposio-internacional-e-v-de-tecnologias-digitais-na-educacao\/\" class=\"_self\" target=\"_self\" >ASSOCIA\u00c7\u00c3O CAIRU\u00c7U NO II SIMP\u00d3SIO INTERNACIONAL E V DE TECNOLOGIAS DIGITAIS NA EDUCA\u00c7\u00c3O<\/a><\/h4>\n<div class=\"pt-cv-content\">Educadores apresentaram artigos durante o evento promovido pela Universidade Federal do Maranh\u00e3o Apesar de muito desafiador, o ano de 2020 ...<br \/><div class=\"pt-cv-rmwrap\"><a href=\"https:\/\/asalaranjeiras.org.br\/site\/associacao-cairucu-no-ii-simposio-internacional-e-v-de-tecnologias-digitais-na-educacao\/\" class=\"_self pt-cv-readmore btn btn-success\" target=\"_self\">Leia Mais<\/a><\/div><\/div>\n<div class=\"pt-cv-meta-fields\"><span class=\"entry-date\"> <time datetime=\"2020-12-08T21:50:18+00:00\">08\/12\/2020<\/time><\/span><span> \/ <\/span><span class=\"terms\"> <a href='https:\/\/asalaranjeiras.org.br\/site\/category\/programa-pedagogico-social\/' title='Programa Pedag\u00f3gico Social' class='pt-cv-tax-programa-pedagogico-social'>Programa Pedag\u00f3gico Social<\/a><\/span><\/div><\/div><\/div>\n<div class=\"col-md-2 col-sm-6 col-xs-12 pt-cv-content-item pt-cv-1-col\" ><div class='pt-cv-ifield'><h4 class=\"pt-cv-title\"><a href=\"https:\/\/asalaranjeiras.org.br\/site\/tempo-de-brincar-sem-celular\/\" class=\"_self\" target=\"_self\" >Tempo de brincar sem celular<\/a><\/h4>\n<div class=\"pt-cv-content\">Programa Esporte Educacional faz entrega da Sacola do Brincar, com jogos e brincadeiras tradicionais, para os alunos Na \u00faltima semana ...<br \/><div class=\"pt-cv-rmwrap\"><a href=\"https:\/\/asalaranjeiras.org.br\/site\/tempo-de-brincar-sem-celular\/\" class=\"_self pt-cv-readmore btn btn-success\" target=\"_self\">Leia Mais<\/a><\/div><\/div>\n<div class=\"pt-cv-meta-fields\"><span class=\"entry-date\"> <time datetime=\"2020-09-28T18:26:13+00:00\">28\/09\/2020<\/time><\/span><span> \/ <\/span><span class=\"terms\"> <a href='https:\/\/asalaranjeiras.org.br\/site\/category\/programa-pedagogico-social\/' title='Programa Pedag\u00f3gico Social' class='pt-cv-tax-programa-pedagogico-social'>Programa Pedag\u00f3gico Social<\/a><\/span><\/div><\/div><\/div>\n<div class=\"col-md-2 col-sm-6 col-xs-12 pt-cv-content-item pt-cv-1-col\" ><div class='pt-cv-ifield'><h4 class=\"pt-cv-title\"><a href=\"https:\/\/asalaranjeiras.org.br\/site\/emprestimo-de-livros-nos-ceics-a-pedido-dos-alunos\/\" class=\"_self\" target=\"_self\" >Empr\u00e9stimo de livros nos CEICs a pedido dos alunos<\/a><\/h4>\n<div class=\"pt-cv-content\">Ao longo das atividades do projeto Letramento o est\u00edmulo \u00e0 leitura esteve sempre presente, e para aproximar as crian\u00e7as e ...<br \/><div class=\"pt-cv-rmwrap\"><a href=\"https:\/\/asalaranjeiras.org.br\/site\/emprestimo-de-livros-nos-ceics-a-pedido-dos-alunos\/\" class=\"_self pt-cv-readmore btn btn-success\" target=\"_self\">Leia Mais<\/a><\/div><\/div>\n<div class=\"pt-cv-meta-fields\"><span class=\"entry-date\"> <time datetime=\"2020-08-13T20:59:57+00:00\">13\/08\/2020<\/time><\/span><span> \/ <\/span><span class=\"terms\"> <a href='https:\/\/asalaranjeiras.org.br\/site\/category\/programa-pedagogico-social\/letramento-mediacao-e-leitura\/' title='Letramento, Media\u00e7\u00e3o e Leitura' class='pt-cv-tax-letramento-mediacao-e-leitura'>Letramento, Media\u00e7\u00e3o e Leitura<\/a>, <a href='https:\/\/asalaranjeiras.org.br\/site\/category\/programa-pedagogico-social\/' title='Programa Pedag\u00f3gico Social' class='pt-cv-tax-programa-pedagogico-social'>Programa Pedag\u00f3gico Social<\/a><\/span><\/div><\/div><\/div>\n<div class=\"col-md-2 col-sm-6 col-xs-12 pt-cv-content-item pt-cv-1-col\" ><div class='pt-cv-ifield'><h4 class=\"pt-cv-title\"><a href=\"https:\/\/asalaranjeiras.org.br\/site\/jovens-comunicadores-editores-de-video\/\" class=\"_self\" target=\"_self\" >Jovens comunicadores &#038; editores de v\u00eddeo<\/a><\/h4>\n<div class=\"pt-cv-content\">Descobrir a diversidade da cultura, expressar vis\u00f5es de mundo e participar ativamente do processo de transforma\u00e7\u00e3o social: esses s\u00e3o alguns ...<br \/><div class=\"pt-cv-rmwrap\"><a href=\"https:\/\/asalaranjeiras.org.br\/site\/jovens-comunicadores-editores-de-video\/\" class=\"_self pt-cv-readmore btn btn-success\" target=\"_self\">Leia Mais<\/a><\/div><\/div>\n<div class=\"pt-cv-meta-fields\"><span class=\"entry-date\"> <time datetime=\"2020-08-13T14:46:43+00:00\">13\/08\/2020<\/time><\/span><span> \/ <\/span><span class=\"terms\"> <a href='https:\/\/asalaranjeiras.org.br\/site\/category\/programa-pedagogico-social\/informatica-educativa\/' title='Inform\u00e1tica Educativa' class='pt-cv-tax-informatica-educativa'>Inform\u00e1tica Educativa<\/a>, <a href='https:\/\/asalaranjeiras.org.br\/site\/category\/programa-pedagogico-social\/' title='Programa Pedag\u00f3gico Social' class='pt-cv-tax-programa-pedagogico-social'>Programa Pedag\u00f3gico Social<\/a><\/span><\/div><\/div><\/div>\n<div class=\"col-md-2 col-sm-6 col-xs-12 pt-cv-content-item pt-cv-1-col\" ><div class='pt-cv-ifield'><h4 class=\"pt-cv-title\"><a href=\"https:\/\/asalaranjeiras.org.br\/site\/sacola-literaria\/\" class=\"_self\" target=\"_self\" >SACOLA LITER\u00c1RIA<\/a><\/h4>\n<div class=\"pt-cv-content\">Um aplicativo recheado de hist\u00f3rias para ler em casa Como manter os alunos em contato com a leitura durante a ...<br \/><div class=\"pt-cv-rmwrap\"><a href=\"https:\/\/asalaranjeiras.org.br\/site\/sacola-literaria\/\" class=\"_self pt-cv-readmore btn btn-success\" target=\"_self\">Leia Mais<\/a><\/div><\/div>\n<div class=\"pt-cv-meta-fields\"><span class=\"entry-date\"> <time datetime=\"2020-08-10T17:03:10+00:00\">10\/08\/2020<\/time><\/span><span> \/ <\/span><span class=\"terms\"> <a href='https:\/\/asalaranjeiras.org.br\/site\/category\/programa-pedagogico-social\/letramento-mediacao-e-leitura\/' title='Letramento, Media\u00e7\u00e3o e Leitura' class='pt-cv-tax-letramento-mediacao-e-leitura'>Letramento, Media\u00e7\u00e3o e Leitura<\/a>, <a href='https:\/\/asalaranjeiras.org.br\/site\/category\/programa-pedagogico-social\/' title='Programa Pedag\u00f3gico Social' class='pt-cv-tax-programa-pedagogico-social'>Programa Pedag\u00f3gico Social<\/a><\/span><\/div><\/div><\/div>\n<div class=\"col-md-2 col-sm-6 col-xs-12 pt-cv-content-item pt-cv-1-col\" ><div class='pt-cv-ifield'><h4 class=\"pt-cv-title\"><a href=\"https:\/\/asalaranjeiras.org.br\/site\/novos-educadores-projeto-jovem-comunicador\/\" class=\"_self\" target=\"_self\" >NOVOS EDUCADORES  PROJETO JOVEM COMUNICADOR<\/a><\/h4>\n<div class=\"pt-cv-content\">Este ano o projeto Jovem Comunicador da Cairu\u00e7u recebeu uma nova leva de educadores, que chegaram, digamos, no momento mais ...<br \/><div class=\"pt-cv-rmwrap\"><a href=\"https:\/\/asalaranjeiras.org.br\/site\/novos-educadores-projeto-jovem-comunicador\/\" class=\"_self pt-cv-readmore btn btn-success\" target=\"_self\">Leia Mais<\/a><\/div><\/div>\n<div class=\"pt-cv-meta-fields\"><span class=\"entry-date\"> <time datetime=\"2020-07-23T18:06:42+00:00\">23\/07\/2020<\/time><\/span><span> \/ <\/span><span class=\"terms\"> <a href='https:\/\/asalaranjeiras.org.br\/site\/category\/programa-pedagogico-social\/informatica-educativa\/' title='Inform\u00e1tica Educativa' class='pt-cv-tax-informatica-educativa'>Inform\u00e1tica Educativa<\/a>, <a href='https:\/\/asalaranjeiras.org.br\/site\/category\/programa-pedagogico-social\/' title='Programa Pedag\u00f3gico Social' class='pt-cv-tax-programa-pedagogico-social'>Programa Pedag\u00f3gico Social<\/a><\/span><\/div><\/div><\/div>\n<div class=\"col-md-2 col-sm-6 col-xs-12 pt-cv-content-item pt-cv-1-col\" ><div class='pt-cv-ifield'><h4 class=\"pt-cv-title\"><a href=\"https:\/\/asalaranjeiras.org.br\/site\/clube-de-leitura-cairucu\/\" class=\"_self\" target=\"_self\" >Clube de Leitura Cairu\u00e7u<\/a><\/h4>\n<div class=\"pt-cv-content\">O Clube de Leitura Cairu\u00e7u, nasceu de um momento de observa\u00e7\u00e3o. Nossas bibliotecas-espa\u00e7os de leitura tiveram um n\u00famero interessante de ...<br \/><div class=\"pt-cv-rmwrap\"><a href=\"https:\/\/asalaranjeiras.org.br\/site\/clube-de-leitura-cairucu\/\" class=\"_self pt-cv-readmore btn btn-success\" target=\"_self\">Leia Mais<\/a><\/div><\/div>\n<div class=\"pt-cv-meta-fields\"><span class=\"entry-date\"> <time datetime=\"2020-07-10T21:56:42+00:00\">10\/07\/2020<\/time><\/span><span> \/ <\/span><span class=\"terms\"> <a href='https:\/\/asalaranjeiras.org.br\/site\/category\/programa-pedagogico-social\/letramento-mediacao-e-leitura\/' title='Letramento, Media\u00e7\u00e3o e Leitura' class='pt-cv-tax-letramento-mediacao-e-leitura'>Letramento, Media\u00e7\u00e3o e Leitura<\/a>, <a href='https:\/\/asalaranjeiras.org.br\/site\/category\/programa-pedagogico-social\/' title='Programa Pedag\u00f3gico Social' class='pt-cv-tax-programa-pedagogico-social'>Programa Pedag\u00f3gico Social<\/a><\/span><\/div><\/div><\/div>\n<div class=\"col-md-2 col-sm-6 col-xs-12 pt-cv-content-item pt-cv-1-col\" ><div class='pt-cv-ifield'><h4 class=\"pt-cv-title\"><a href=\"https:\/\/asalaranjeiras.org.br\/site\/artes-em-tempos-de-quarentena\/\" class=\"_self\" target=\"_self\" >ARTES EM TEMPOS DE QUARENTENA<\/a><\/h4>\n<div class=\"pt-cv-content\">A equipe do Programa Arte e Educa\u00e7\u00e3o produziu Kits de artes com materiais pedag\u00f3gicos e art\u00edsticos, dos Centros de Educa\u00e7\u00e3o ...<br \/><div class=\"pt-cv-rmwrap\"><a href=\"https:\/\/asalaranjeiras.org.br\/site\/artes-em-tempos-de-quarentena\/\" class=\"_self pt-cv-readmore btn btn-success\" target=\"_self\">Leia Mais<\/a><\/div><\/div>\n<div class=\"pt-cv-meta-fields\"><span class=\"entry-date\"> <time datetime=\"2020-05-05T18:40:15+00:00\">05\/05\/2020<\/time><\/span><span> \/ <\/span><span class=\"terms\"> <a href='https:\/\/asalaranjeiras.org.br\/site\/category\/programa-pedagogico-social\/' title='Programa Pedag\u00f3gico Social' class='pt-cv-tax-programa-pedagogico-social'>Programa Pedag\u00f3gico Social<\/a><\/span><\/div><\/div><\/div>\n<div class=\"col-md-2 col-sm-6 col-xs-12 pt-cv-content-item pt-cv-1-col\" ><div class='pt-cv-ifield'><h4 class=\"pt-cv-title\"><a href=\"https:\/\/asalaranjeiras.org.br\/site\/recital-musical-emociona-o-publico-no-ceic-patrimonio\/\" class=\"_self\" target=\"_self\" >Recital Musical emociona o p\u00fablico no CEIC Patrimonio<\/a><\/h4>\n<div class=\"pt-cv-content\">O recital do Conjunto Musical da Associa\u00e7\u00e3o Cairu\u00e7u e de demais integrantes do Projeto Musicaliza\u00e7\u00e3o, foi aplaudido pelo p\u00fablico presente ...<br \/><div class=\"pt-cv-rmwrap\"><a href=\"https:\/\/asalaranjeiras.org.br\/site\/recital-musical-emociona-o-publico-no-ceic-patrimonio\/\" class=\"_self pt-cv-readmore btn btn-success\" target=\"_self\">Leia Mais<\/a><\/div><\/div>\n<div class=\"pt-cv-meta-fields\"><span class=\"entry-date\"> <time datetime=\"2019-12-10T17:39:19+00:00\">10\/12\/2019<\/time><\/span><span> \/ <\/span><span class=\"terms\"> <a href='https:\/\/asalaranjeiras.org.br\/site\/category\/programa-pedagogico-social\/musicalizacao\/' title='Musicaliza\u00e7\u00e3o' class='pt-cv-tax-musicalizacao'>Musicaliza\u00e7\u00e3o<\/a>, <a href='https:\/\/asalaranjeiras.org.br\/site\/category\/programa-pedagogico-social\/' title='Programa Pedag\u00f3gico Social' class='pt-cv-tax-programa-pedagogico-social'>Programa Pedag\u00f3gico Social<\/a><\/span><\/div><\/div><\/div>\n<div class=\"col-md-2 col-sm-6 col-xs-12 pt-cv-content-item pt-cv-1-col\" ><div class='pt-cv-ifield'><h4 class=\"pt-cv-title\"><a href=\"https:\/\/asalaranjeiras.org.br\/site\/artes-e-letramento-um-traco-perfeito\/\" class=\"_self\" target=\"_self\" >Artes e Letramento um \u201ctra\u00e7o\u201d perfeito!<\/a><\/h4>\n<div class=\"pt-cv-content\">A\u00e7\u00f5es realizadas em conjunto sempre tem resultado positivo, principalmente quando h\u00e1 o envolvimento de crian\u00e7as e adolescentes num processo criativo.\u00a0 ...<br \/><div class=\"pt-cv-rmwrap\"><a href=\"https:\/\/asalaranjeiras.org.br\/site\/artes-e-letramento-um-traco-perfeito\/\" class=\"_self pt-cv-readmore btn btn-success\" target=\"_self\">Leia Mais<\/a><\/div><\/div>\n<div class=\"pt-cv-meta-fields\"><span class=\"entry-date\"> <time datetime=\"2019-12-10T17:30:44+00:00\">10\/12\/2019<\/time><\/span><span> \/ <\/span><span class=\"terms\"> <a href='https:\/\/asalaranjeiras.org.br\/site\/category\/programa-pedagogico-social\/letramento-mediacao-e-leitura\/' title='Letramento, Media\u00e7\u00e3o e Leitura' class='pt-cv-tax-letramento-mediacao-e-leitura'>Letramento, Media\u00e7\u00e3o e Leitura<\/a>, <a href='https:\/\/asalaranjeiras.org.br\/site\/category\/programa-pedagogico-social\/' title='Programa Pedag\u00f3gico Social' class='pt-cv-tax-programa-pedagogico-social'>Programa Pedag\u00f3gico Social<\/a><\/span><\/div><\/div><\/div>\n<div class=\"col-md-2 col-sm-6 col-xs-12 pt-cv-content-item pt-cv-1-col\" ><div class='pt-cv-ifield'><h4 class=\"pt-cv-title\"><a href=\"https:\/\/asalaranjeiras.org.br\/site\/os-projetos-do-programa-esporte-educacional-encerraram-esse-mes-com-celebracaoesporte-e-entrega-das-medalhas-de-participacao\/\" class=\"_self\" target=\"_self\" >O Programa Esporte Educacional encerra o ano com celebra\u00e7\u00e3o, esporte e medalhas.<\/a><\/h4>\n<div class=\"pt-cv-content\">Os projetos do Programa Esporte Educacional encerraram esse m\u00eas com celebra\u00e7\u00e3oesporte e entrega das medalhas de participa\u00e7\u00e3o. A Escolinha de ...<br \/><div class=\"pt-cv-rmwrap\"><a href=\"https:\/\/asalaranjeiras.org.br\/site\/os-projetos-do-programa-esporte-educacional-encerraram-esse-mes-com-celebracaoesporte-e-entrega-das-medalhas-de-participacao\/\" class=\"_self pt-cv-readmore btn btn-success\" target=\"_self\">Leia Mais<\/a><\/div><\/div>\n<div class=\"pt-cv-meta-fields\"><span class=\"entry-date\"> <time datetime=\"2019-12-04T11:58:28+00:00\">04\/12\/2019<\/time><\/span><span> \/ <\/span><span class=\"terms\"> <a href='https:\/\/asalaranjeiras.org.br\/site\/category\/programa-pedagogico-social\/' title='Programa Pedag\u00f3gico Social' class='pt-cv-tax-programa-pedagogico-social'>Programa Pedag\u00f3gico Social<\/a><\/span><\/div><\/div><\/div>\n<div class=\"col-md-2 col-sm-6 col-xs-12 pt-cv-content-item pt-cv-1-col\" ><div class='pt-cv-ifield'><h4 class=\"pt-cv-title\"><a href=\"https:\/\/asalaranjeiras.org.br\/site\/premiacao-da-mostra-de-realizadores-de-audiovisual-paraty-2019\/\" class=\"_self\" target=\"_self\" >Premia\u00e7\u00e3o da Mostra de Realizadores de Audiovisual Paraty 2019<\/a><\/h4>\n<div class=\"pt-cv-content\">aconteceu na noite de 15 de novembro, no Cinema da Pra\u00e7a. Foram seis realizadores premiados eleitos pelo Juri Popular e ...<br \/><div class=\"pt-cv-rmwrap\"><a href=\"https:\/\/asalaranjeiras.org.br\/site\/premiacao-da-mostra-de-realizadores-de-audiovisual-paraty-2019\/\" class=\"_self pt-cv-readmore btn btn-success\" target=\"_self\">Leia Mais<\/a><\/div><\/div>\n<div class=\"pt-cv-meta-fields\"><span class=\"entry-date\"> <time datetime=\"2019-11-26T22:55:48+00:00\">26\/11\/2019<\/time><\/span><span> \/ <\/span><span class=\"terms\"> <a href='https:\/\/asalaranjeiras.org.br\/site\/category\/programa-pedagogico-social\/informatica-educativa\/' title='Inform\u00e1tica Educativa' class='pt-cv-tax-informatica-educativa'>Inform\u00e1tica Educativa<\/a>, <a href='https:\/\/asalaranjeiras.org.br\/site\/category\/programa-pedagogico-social\/' title='Programa Pedag\u00f3gico Social' class='pt-cv-tax-programa-pedagogico-social'>Programa Pedag\u00f3gico Social<\/a><\/span><\/div><\/div><\/div>\n<div class=\"col-md-2 col-sm-6 col-xs-12 pt-cv-content-item pt-cv-1-col\" ><div class='pt-cv-ifield'><h4 class=\"pt-cv-title\"><a href=\"https:\/\/asalaranjeiras.org.br\/site\/quero-que-outras-criancas-aprendam-a-ler-pois-aprendi-a-ler-lendo-livros-no-ceic-kethleen-8-anos\/\" class=\"_self\" target=\"_self\" >\u201cQUERO QUE OUTRAS CRIAN\u00c7AS APRENDAM A LER, POIS APRENDI A LER LENDO LIVROS NO CEIC.\u201d Kethleen, 8 anos<\/a><\/h4>\n<div class=\"pt-cv-content\">Chegar nos Centros de Educa\u00e7\u00e3o Integral da AC e encontrar crian\u00e7as e adolescentes lendo uns para os outros se tornou ...<br \/><div class=\"pt-cv-rmwrap\"><a href=\"https:\/\/asalaranjeiras.org.br\/site\/quero-que-outras-criancas-aprendam-a-ler-pois-aprendi-a-ler-lendo-livros-no-ceic-kethleen-8-anos\/\" class=\"_self pt-cv-readmore btn btn-success\" target=\"_self\">Leia Mais<\/a><\/div><\/div>\n<div class=\"pt-cv-meta-fields\"><span class=\"entry-date\"> <time datetime=\"2019-10-29T11:57:08+00:00\">29\/10\/2019<\/time><\/span><span> \/ <\/span><span class=\"terms\"> <a href='https:\/\/asalaranjeiras.org.br\/site\/category\/programa-pedagogico-social\/letramento-mediacao-e-leitura\/' title='Letramento, Media\u00e7\u00e3o e Leitura' class='pt-cv-tax-letramento-mediacao-e-leitura'>Letramento, Media\u00e7\u00e3o e Leitura<\/a>, <a href='https:\/\/asalaranjeiras.org.br\/site\/category\/programa-pedagogico-social\/' title='Programa Pedag\u00f3gico Social' class='pt-cv-tax-programa-pedagogico-social'>Programa Pedag\u00f3gico Social<\/a><\/span><\/div><\/div><\/div>\n<div class=\"col-md-2 col-sm-6 col-xs-12 pt-cv-content-item pt-cv-1-col\" ><div class='pt-cv-ifield'><h4 class=\"pt-cv-title\"><a href=\"https:\/\/asalaranjeiras.org.br\/site\/criatividade-e-muito-talento-para-o-nascimento-das-novas-coreografias-do-projeto-danca-2019\/\" class=\"_self\" target=\"_self\" >Criatividade e muito talento para o \u201cnascimento\u201d das novas coreografias do Projeto Dan\u00e7a 2019<\/a><\/h4>\n<div class=\"pt-cv-content\">O Projeto Dan\u00e7a, que acontece na Associa\u00e7\u00e3o Cairu\u00e7u desde 2007 e tem \u00e0 frente a educadora e bailarina Elenice Forato ...<br \/><div class=\"pt-cv-rmwrap\"><a href=\"https:\/\/asalaranjeiras.org.br\/site\/criatividade-e-muito-talento-para-o-nascimento-das-novas-coreografias-do-projeto-danca-2019\/\" class=\"_self pt-cv-readmore btn btn-success\" target=\"_self\">Leia Mais<\/a><\/div><\/div>\n<div class=\"pt-cv-meta-fields\"><span class=\"entry-date\"> <time datetime=\"2019-10-16T19:09:24+00:00\">16\/10\/2019<\/time><\/span><span> \/ <\/span><span class=\"terms\"> <a href='https:\/\/asalaranjeiras.org.br\/site\/category\/programa-pedagogico-social\/danca\/' title='Dan\u00e7a' class='pt-cv-tax-danca'>Dan\u00e7a<\/a>, <a href='https:\/\/asalaranjeiras.org.br\/site\/category\/programa-pedagogico-social\/' title='Programa Pedag\u00f3gico Social' class='pt-cv-tax-programa-pedagogico-social'>Programa Pedag\u00f3gico Social<\/a><\/span><\/div><\/div><\/div>\n<div class=\"col-md-2 col-sm-6 col-xs-12 pt-cv-content-item pt-cv-1-col\" ><div class='pt-cv-ifield'><h4 class=\"pt-cv-title\"><a href=\"https:\/\/asalaranjeiras.org.br\/site\/mostra-de-realizadores-de-audiovisual-paraty-2019\/\" class=\"_self\" target=\"_self\" >Mostra de Realizadores de Audiovisual \u2013 Paraty 2019<\/a><\/h4>\n<div class=\"pt-cv-content\">O circuito de exibi\u00e7\u00e3o e vota\u00e7\u00e3o da Mostra de Realizadores de Audiovisual Paraty 2019 acontece nos meses de outubro e ...<br \/><div class=\"pt-cv-rmwrap\"><a href=\"https:\/\/asalaranjeiras.org.br\/site\/mostra-de-realizadores-de-audiovisual-paraty-2019\/\" class=\"_self pt-cv-readmore btn btn-success\" target=\"_self\">Leia Mais<\/a><\/div><\/div>\n<div class=\"pt-cv-meta-fields\"><span class=\"entry-date\"> <time datetime=\"2019-10-04T21:37:02+00:00\">04\/10\/2019<\/time><\/span><span> \/ <\/span><span class=\"terms\"> <a href='https:\/\/asalaranjeiras.org.br\/site\/category\/programa-pedagogico-social\/informatica-educativa\/' title='Inform\u00e1tica Educativa' class='pt-cv-tax-informatica-educativa'>Inform\u00e1tica Educativa<\/a>, <a href='https:\/\/asalaranjeiras.org.br\/site\/category\/programa-pedagogico-social\/' title='Programa Pedag\u00f3gico Social' class='pt-cv-tax-programa-pedagogico-social'>Programa Pedag\u00f3gico Social<\/a><\/span><\/div><\/div><\/div>\n<div class=\"col-md-2 col-sm-6 col-xs-12 pt-cv-content-item pt-cv-1-col\" ><div class='pt-cv-ifield'><h4 class=\"pt-cv-title\"><a href=\"https:\/\/asalaranjeiras.org.br\/site\/em-cada-livro-uma-historia-um-universo-imaginario-e-criativo\/\" class=\"_self\" target=\"_self\" >Em cada livro, uma hist\u00f3ria, um universo imagin\u00e1rio e criativo<\/a><\/h4>\n<div class=\"pt-cv-content\">A viv\u00eancia experimentada pelos participantes do Projeto Letramento*, nos \u00faltimos meses a partir do est\u00edmulo ao contato com o universo ...<br \/><div class=\"pt-cv-rmwrap\"><a href=\"https:\/\/asalaranjeiras.org.br\/site\/em-cada-livro-uma-historia-um-universo-imaginario-e-criativo\/\" class=\"_self pt-cv-readmore btn btn-success\" target=\"_self\">Leia Mais<\/a><\/div><\/div>\n<div class=\"pt-cv-meta-fields\"><span class=\"entry-date\"> <time datetime=\"2019-09-27T13:11:45+00:00\">27\/09\/2019<\/time><\/span><span> \/ <\/span><span class=\"terms\"> <a href='https:\/\/asalaranjeiras.org.br\/site\/category\/programa-pedagogico-social\/letramento-mediacao-e-leitura\/' title='Letramento, Media\u00e7\u00e3o e Leitura' class='pt-cv-tax-letramento-mediacao-e-leitura'>Letramento, Media\u00e7\u00e3o e Leitura<\/a>, <a href='https:\/\/asalaranjeiras.org.br\/site\/category\/programa-pedagogico-social\/' title='Programa Pedag\u00f3gico Social' class='pt-cv-tax-programa-pedagogico-social'>Programa Pedag\u00f3gico Social<\/a><\/span><\/div><\/div><\/div>\n<div class=\"col-md-2 col-sm-6 col-xs-12 pt-cv-content-item pt-cv-1-col\" ><div class='pt-cv-ifield'><h4 class=\"pt-cv-title\"><a href=\"https:\/\/asalaranjeiras.org.br\/site\/campanha-para-financiamento-coletivo-revista-ceic\/\" class=\"_self\" target=\"_self\" >Campanha para financiamento coletivo Revista CEIC<\/a><\/h4>\n<div class=\"pt-cv-content\">Os nossos #jovenscomunicadores j\u00e1 est\u00e3o produzindo a terceira edi\u00e7\u00e3o da Revista CEIC e criaram uma campanha de financiamento coletivo para ...<br \/><div class=\"pt-cv-rmwrap\"><a href=\"https:\/\/asalaranjeiras.org.br\/site\/campanha-para-financiamento-coletivo-revista-ceic\/\" class=\"_self pt-cv-readmore btn btn-success\" target=\"_self\">Leia Mais<\/a><\/div><\/div>\n<div class=\"pt-cv-meta-fields\"><span class=\"entry-date\"> <time datetime=\"2019-09-26T14:21:13+00:00\">26\/09\/2019<\/time><\/span><span> \/ <\/span><span class=\"terms\"> <a href='https:\/\/asalaranjeiras.org.br\/site\/category\/programa-pedagogico-social\/informatica-educativa\/' title='Inform\u00e1tica Educativa' class='pt-cv-tax-informatica-educativa'>Inform\u00e1tica Educativa<\/a>, <a href='https:\/\/asalaranjeiras.org.br\/site\/category\/noticia-destaque-capa\/' title='noticia destaque capa' class='pt-cv-tax-noticia-destaque-capa'>noticia destaque capa<\/a>, <a href='https:\/\/asalaranjeiras.org.br\/site\/category\/programa-pedagogico-social\/' title='Programa Pedag\u00f3gico Social' class='pt-cv-tax-programa-pedagogico-social'>Programa Pedag\u00f3gico Social<\/a><\/span><\/div><\/div><\/div>\n<div class=\"col-md-2 col-sm-6 col-xs-12 pt-cv-content-item pt-cv-1-col\" ><div class='pt-cv-ifield'><h4 class=\"pt-cv-title\"><a href=\"https:\/\/asalaranjeiras.org.br\/site\/o-alongamento-melhora-a-postura\/\" class=\"_self\" target=\"_self\" >O alongamento melhora a postura.<\/a><\/h4>\n<div class=\"pt-cv-content\">Alongar o corpo regularmente reduz a tens\u00e3o muscular, melhorando a postura, evitando o desconforto que poderia surgir com uma m\u00e1 ...<br \/><div class=\"pt-cv-rmwrap\"><a href=\"https:\/\/asalaranjeiras.org.br\/site\/o-alongamento-melhora-a-postura\/\" class=\"_self pt-cv-readmore btn btn-success\" target=\"_self\">Leia Mais<\/a><\/div><\/div>\n<div class=\"pt-cv-meta-fields\"><span class=\"entry-date\"> <time datetime=\"2019-09-24T15:17:31+00:00\">24\/09\/2019<\/time><\/span><span> \/ <\/span><span class=\"terms\"> <a href='https:\/\/asalaranjeiras.org.br\/site\/category\/programa-pedagogico-social\/' title='Programa Pedag\u00f3gico Social' class='pt-cv-tax-programa-pedagogico-social'>Programa Pedag\u00f3gico Social<\/a><\/span><\/div><\/div><\/div>\n<div class=\"col-md-2 col-sm-6 col-xs-12 pt-cv-content-item pt-cv-1-col\" ><div class='pt-cv-ifield'><h4 class=\"pt-cv-title\"><a href=\"https:\/\/asalaranjeiras.org.br\/site\/territorio-educativo-e-do-brincar-aprendendo-com-a-comunidade-de-ponta-negra\/\" class=\"_self\" target=\"_self\" >TERRIT\u00d3RIO EDUCATIVO E DO BRINCAR : APRENDENDO COM A COMUNIDADE DE PONTA NEGRA<\/a><\/h4>\n<div class=\"pt-cv-content\">A partir das atividades e encontros do Projeto Letramento, com a educadora Viviane Rem\u00e9dios, as crian\u00e7as e adolescentes participantes do ...<br \/><div class=\"pt-cv-rmwrap\"><a href=\"https:\/\/asalaranjeiras.org.br\/site\/territorio-educativo-e-do-brincar-aprendendo-com-a-comunidade-de-ponta-negra\/\" class=\"_self pt-cv-readmore btn btn-success\" target=\"_self\">Leia Mais<\/a><\/div><\/div>\n<div class=\"pt-cv-meta-fields\"><span class=\"entry-date\"> <time datetime=\"2019-09-12T14:00:14+00:00\">12\/09\/2019<\/time><\/span><span> \/ <\/span><span class=\"terms\"> <a href='https:\/\/asalaranjeiras.org.br\/site\/category\/programa-pedagogico-social\/' title='Programa Pedag\u00f3gico Social' class='pt-cv-tax-programa-pedagogico-social'>Programa Pedag\u00f3gico Social<\/a>, <a href='https:\/\/asalaranjeiras.org.br\/site\/category\/programa-pedagogico-social\/territorio-integrado-ponta-negra\/' title='Territ\u00f3rio Integrado Ponta Negra' class='pt-cv-tax-territorio-integrado-ponta-negra'>Territ\u00f3rio Integrado Ponta Negra<\/a><\/span><\/div><\/div><\/div>\n<div class=\"col-md-2 col-sm-6 col-xs-12 pt-cv-content-item pt-cv-1-col\" ><div class='pt-cv-ifield'><h4 class=\"pt-cv-title\"><a href=\"https:\/\/asalaranjeiras.org.br\/site\/2o-encontro-2019-com-a-familia-ceic-e-programa-arte-e-educacao\/\" class=\"_self\" target=\"_self\" >2\u00ba Encontro 2019 com a Fam\u00edlia CEIC e Programa Arte e Educa\u00e7\u00e3o<\/a><\/h4>\n<div class=\"pt-cv-content\">Conviv\u00eancia saud\u00e1vel, viv\u00eancias entre gera\u00e7\u00f5es e compartilhamento de bons sentimentos s\u00e3o a\u00e7\u00f5es sempre presentes nos encontros promovidos com a Fam\u00edlia, ...<br \/><div class=\"pt-cv-rmwrap\"><a href=\"https:\/\/asalaranjeiras.org.br\/site\/2o-encontro-2019-com-a-familia-ceic-e-programa-arte-e-educacao\/\" class=\"_self pt-cv-readmore btn btn-success\" target=\"_self\">Leia Mais<\/a><\/div><\/div>\n<div class=\"pt-cv-meta-fields\"><span class=\"entry-date\"> <time datetime=\"2019-09-09T11:53:52+00:00\">09\/09\/2019<\/time><\/span><span> \/ <\/span><span class=\"terms\"> <a href='https:\/\/asalaranjeiras.org.br\/site\/category\/programa-pedagogico-social\/' title='Programa Pedag\u00f3gico Social' class='pt-cv-tax-programa-pedagogico-social'>Programa Pedag\u00f3gico Social<\/a><\/span><\/div><\/div><\/div>\n<div class=\"col-md-2 col-sm-6 col-xs-12 pt-cv-content-item pt-cv-1-col\" ><div class='pt-cv-ifield'><h4 class=\"pt-cv-title\"><a href=\"https:\/\/asalaranjeiras.org.br\/site\/integrando-conhecimentos\/\" class=\"_self\" target=\"_self\" >Integrando conhecimentos<\/a><\/h4>\n<div class=\"pt-cv-content\">Este ano o Programa Educa\u00e7\u00e3o, Sa\u00fade e Ambiente est\u00e1 realizando - al\u00e9m de seus projetos regulares - atividades transversais aos ...<br \/><div class=\"pt-cv-rmwrap\"><a href=\"https:\/\/asalaranjeiras.org.br\/site\/integrando-conhecimentos\/\" class=\"_self pt-cv-readmore btn btn-success\" target=\"_self\">Leia Mais<\/a><\/div><\/div>\n<div class=\"pt-cv-meta-fields\"><span class=\"entry-date\"> <time datetime=\"2019-09-03T12:12:36+00:00\">03\/09\/2019<\/time><\/span><span> \/ <\/span><span class=\"terms\"> <a href='https:\/\/asalaranjeiras.org.br\/site\/category\/programa-pedagogico-ambiental\/' title='Programa Pedag\u00f3gico Ambiental' class='pt-cv-tax-programa-pedagogico-ambiental'>Programa Pedag\u00f3gico Ambiental<\/a>, <a href='https:\/\/asalaranjeiras.org.br\/site\/category\/programa-pedagogico-social\/' title='Programa Pedag\u00f3gico Social' class='pt-cv-tax-programa-pedagogico-social'>Programa Pedag\u00f3gico Social<\/a><\/span><\/div><\/div><\/div>\n<div class=\"col-md-2 col-sm-6 col-xs-12 pt-cv-content-item pt-cv-1-col\" ><div class='pt-cv-ifield'><h4 class=\"pt-cv-title\"><a href=\"https:\/\/asalaranjeiras.org.br\/site\/reinventando-os-ambientes-dos-centros-de-educacao-integral-cairucu\/\" class=\"_self\" target=\"_self\" >Reinventando os ambientes dos Centros de Educa\u00e7\u00e3o Integral Cairu\u00e7u<\/a><\/h4>\n<div class=\"pt-cv-content\">O Projeto Oficina de Artes no 1\u00ba semestre teve como foco principal a renova\u00e7\u00e3o de alguns espa\u00e7os nos Centros de ...<br \/><div class=\"pt-cv-rmwrap\"><a href=\"https:\/\/asalaranjeiras.org.br\/site\/reinventando-os-ambientes-dos-centros-de-educacao-integral-cairucu\/\" class=\"_self pt-cv-readmore btn btn-success\" target=\"_self\">Leia Mais<\/a><\/div><\/div>\n<div class=\"pt-cv-meta-fields\"><span class=\"entry-date\"> <time datetime=\"2019-08-08T16:01:12+00:00\">08\/08\/2019<\/time><\/span><span> \/ <\/span><span class=\"terms\"> <a href='https:\/\/asalaranjeiras.org.br\/site\/category\/programa-pedagogico-social\/' title='Programa Pedag\u00f3gico Social' class='pt-cv-tax-programa-pedagogico-social'>Programa Pedag\u00f3gico Social<\/a><\/span><\/div><\/div><\/div>\n<div class=\"col-md-2 col-sm-6 col-xs-12 pt-cv-content-item pt-cv-1-col\" ><div class='pt-cv-ifield'><h4 class=\"pt-cv-title\"><a href=\"https:\/\/asalaranjeiras.org.br\/site\/oficina-de-robotica-se-robotica-e-o-futuro-entao-ele-ja-chegou\/\" class=\"_self\" target=\"_self\" >Oficina de Rob\u00f3tica &#8211; Se rob\u00f3tica \u00e9 o futuro, ent\u00e3o ele j\u00e1 chegou<\/a><\/h4>\n<div class=\"pt-cv-content\">O Programa de Tecnologia e Inova\u00e7\u00e3o da Associa\u00e7\u00e3o Cairu\u00e7u tem o prazer de receber o jovem volunt\u00e1rio Lucas Debonet, estudante ...<br \/><div class=\"pt-cv-rmwrap\"><a href=\"https:\/\/asalaranjeiras.org.br\/site\/oficina-de-robotica-se-robotica-e-o-futuro-entao-ele-ja-chegou\/\" class=\"_self pt-cv-readmore btn btn-success\" target=\"_self\">Leia Mais<\/a><\/div><\/div>\n<div class=\"pt-cv-meta-fields\"><span class=\"entry-date\"> <time datetime=\"2019-07-12T17:55:05+00:00\">12\/07\/2019<\/time><\/span><span> \/ <\/span><span class=\"terms\"> <a href='https:\/\/asalaranjeiras.org.br\/site\/category\/programa-pedagogico-social\/informatica-educativa\/' title='Inform\u00e1tica Educativa' class='pt-cv-tax-informatica-educativa'>Inform\u00e1tica Educativa<\/a>, <a href='https:\/\/asalaranjeiras.org.br\/site\/category\/programa-pedagogico-social\/' title='Programa Pedag\u00f3gico Social' class='pt-cv-tax-programa-pedagogico-social'>Programa Pedag\u00f3gico Social<\/a><\/span><\/div><\/div><\/div>\n<div class=\"col-md-2 col-sm-6 col-xs-12 pt-cv-content-item pt-cv-1-col\" ><div class='pt-cv-ifield'><h4 class=\"pt-cv-title\"><a href=\"https:\/\/asalaranjeiras.org.br\/site\/flip-parceria-com-flipzona-traz-evento-para-o-ceic-patrimonio\/\" class=\"_self\" target=\"_self\" >FLIP \u2013 Parceria com FlipZona traz evento para o CEIC Patrim\u00f4nio<\/a><\/h4>\n<div class=\"pt-cv-content\">O Programa de Tecnologia e Inova\u00e7\u00e3o da Associa\u00e7\u00e3o Cairu\u00e7u convida para o lan\u00e7amento da segunda edi\u00e7\u00e3o da Revista CEIC no ...<br \/><div class=\"pt-cv-rmwrap\"><a href=\"https:\/\/asalaranjeiras.org.br\/site\/flip-parceria-com-flipzona-traz-evento-para-o-ceic-patrimonio\/\" class=\"_self pt-cv-readmore btn btn-success\" target=\"_self\">Leia Mais<\/a><\/div><\/div>\n<div class=\"pt-cv-meta-fields\"><span class=\"entry-date\"> <time datetime=\"2019-07-01T11:01:16+00:00\">01\/07\/2019<\/time><\/span><span> \/ <\/span><span class=\"terms\"> <a href='https:\/\/asalaranjeiras.org.br\/site\/category\/programa-pedagogico-social\/informatica-educativa\/' title='Inform\u00e1tica Educativa' class='pt-cv-tax-informatica-educativa'>Inform\u00e1tica Educativa<\/a>, <a href='https:\/\/asalaranjeiras.org.br\/site\/category\/programa-pedagogico-social\/' title='Programa Pedag\u00f3gico Social' class='pt-cv-tax-programa-pedagogico-social'>Programa Pedag\u00f3gico Social<\/a><\/span><\/div><\/div><\/div>\n<div class=\"col-md-2 col-sm-6 col-xs-12 pt-cv-content-item pt-cv-1-col\" ><div class='pt-cv-ifield'><h4 class=\"pt-cv-title\"><a href=\"https:\/\/asalaranjeiras.org.br\/site\/sarau-musical-encontro-com-a-familia-ceic\/\" class=\"_self\" target=\"_self\" >Sarau Musical : encontro com a fam\u00edlia CEIC<\/a><\/h4>\n<div class=\"pt-cv-content\">\u201cParticipamos de um encontro lindo e mobilizador com crian\u00e7as e adolescentes felizes!!! Que mais momentos assim, como poesias para o ...<br \/><div class=\"pt-cv-rmwrap\"><a href=\"https:\/\/asalaranjeiras.org.br\/site\/sarau-musical-encontro-com-a-familia-ceic\/\" class=\"_self pt-cv-readmore btn btn-success\" target=\"_self\">Leia Mais<\/a><\/div><\/div>\n<div class=\"pt-cv-meta-fields\"><span class=\"entry-date\"> <time datetime=\"2019-06-28T17:04:27+00:00\">28\/06\/2019<\/time><\/span><span> \/ <\/span><span class=\"terms\"> <a href='https:\/\/asalaranjeiras.org.br\/site\/category\/programa-pedagogico-social\/musicalizacao\/' title='Musicaliza\u00e7\u00e3o' class='pt-cv-tax-musicalizacao'>Musicaliza\u00e7\u00e3o<\/a>, <a href='https:\/\/asalaranjeiras.org.br\/site\/category\/programa-pedagogico-social\/' title='Programa Pedag\u00f3gico Social' class='pt-cv-tax-programa-pedagogico-social'>Programa Pedag\u00f3gico Social<\/a><\/span><\/div><\/div><\/div>\n<div class=\"col-md-2 col-sm-6 col-xs-12 pt-cv-content-item pt-cv-1-col\" ><div class='pt-cv-ifield'><h4 class=\"pt-cv-title\"><a href=\"https:\/\/asalaranjeiras.org.br\/site\/projeto-de-danca-vai-ao-festival-de-danca-em-sao-jose-dos-campos\/\" class=\"_self\" target=\"_self\" >Projeto de Dan\u00e7a Participa de Festival em S\u00e3o Jos\u00e9 dos Campos<\/a><\/h4>\n<div class=\"pt-cv-content\">O grupo de dan\u00e7a da Associa\u00e7\u00e3o Cairu\u00e7u participou do 30\u00ba FEST DAN\u00c7A, de S\u00e3o Jos\u00e9 dos Campos, com apresenta\u00e7\u00e3o em ...<br \/><div class=\"pt-cv-rmwrap\"><a href=\"https:\/\/asalaranjeiras.org.br\/site\/projeto-de-danca-vai-ao-festival-de-danca-em-sao-jose-dos-campos\/\" class=\"_self pt-cv-readmore btn btn-success\" target=\"_self\">Leia Mais<\/a><\/div><\/div>\n<div class=\"pt-cv-meta-fields\"><span class=\"entry-date\"> <time datetime=\"2019-06-28T16:56:21+00:00\">28\/06\/2019<\/time><\/span><span> \/ <\/span><span class=\"terms\"> <a href='https:\/\/asalaranjeiras.org.br\/site\/category\/programa-pedagogico-social\/danca\/' title='Dan\u00e7a' class='pt-cv-tax-danca'>Dan\u00e7a<\/a>, <a href='https:\/\/asalaranjeiras.org.br\/site\/category\/programa-pedagogico-social\/' title='Programa Pedag\u00f3gico Social' class='pt-cv-tax-programa-pedagogico-social'>Programa Pedag\u00f3gico Social<\/a><\/span><\/div><\/div><\/div>\n<div class=\"col-md-2 col-sm-6 col-xs-12 pt-cv-content-item pt-cv-1-col\" ><div class='pt-cv-ifield'><h4 class=\"pt-cv-title\"><a href=\"https:\/\/asalaranjeiras.org.br\/site\/canal-serie-ao-fundo-em-paraty\/\" class=\"_self\" target=\"_self\" >Canal S\u00e9rie Ao Fundo em Paraty<\/a><\/h4>\n<div class=\"pt-cv-content\">A equipe do Canal S\u00e9rie Ao Fundo (youtube) esteve em Paraty fazendo uma pauta sobre a praia do Cepilho de ...<br \/><div class=\"pt-cv-rmwrap\"><a href=\"https:\/\/asalaranjeiras.org.br\/site\/canal-serie-ao-fundo-em-paraty\/\" class=\"_self pt-cv-readmore btn btn-success\" target=\"_self\">Leia Mais<\/a><\/div><\/div>\n<div class=\"pt-cv-meta-fields\"><span class=\"entry-date\"> <time datetime=\"2019-06-25T14:44:35+00:00\">25\/06\/2019<\/time><\/span><span> \/ <\/span><span class=\"terms\"> <a href='https:\/\/asalaranjeiras.org.br\/site\/category\/programa-pedagogico-social\/' title='Programa Pedag\u00f3gico Social' class='pt-cv-tax-programa-pedagogico-social'>Programa Pedag\u00f3gico Social<\/a><\/span><\/div><\/div><\/div>\n<div class=\"col-md-2 col-sm-6 col-xs-12 pt-cv-content-item pt-cv-1-col\" ><div class='pt-cv-ifield'><h4 class=\"pt-cv-title\"><a href=\"https:\/\/asalaranjeiras.org.br\/site\/coletivo-das-escolinhas-de-futebol\/\" class=\"_self\" target=\"_self\" >Coletivo das Escolinhas de Futebol<\/a><\/h4>\n<div class=\"pt-cv-content\">As Escolinhas de Futebol da Associa\u00e7\u00e3o Cairu\u00e7u tiveram seu primeiro encontro, com a realiza\u00e7\u00e3o do coletivo amistoso entre as categorias ...<br \/><div class=\"pt-cv-rmwrap\"><a href=\"https:\/\/asalaranjeiras.org.br\/site\/coletivo-das-escolinhas-de-futebol\/\" class=\"_self pt-cv-readmore btn btn-success\" target=\"_self\">Leia Mais<\/a><\/div><\/div>\n<div class=\"pt-cv-meta-fields\"><span class=\"entry-date\"> <time datetime=\"2019-06-24T15:04:15+00:00\">24\/06\/2019<\/time><\/span><span> \/ <\/span><span class=\"terms\"> <a href='https:\/\/asalaranjeiras.org.br\/site\/category\/programa-pedagogico-social\/escolinha-de-futebol\/' title='Escolinha de Futebol' class='pt-cv-tax-escolinha-de-futebol'>Escolinha de Futebol<\/a>, <a href='https:\/\/asalaranjeiras.org.br\/site\/category\/programa-pedagogico-social\/' title='Programa Pedag\u00f3gico Social' class='pt-cv-tax-programa-pedagogico-social'>Programa Pedag\u00f3gico Social<\/a><\/span><\/div><\/div><\/div>\n<div class=\"col-md-2 col-sm-6 col-xs-12 pt-cv-content-item pt-cv-1-col\" ><div class='pt-cv-ifield'><h4 class=\"pt-cv-title\"><a href=\"https:\/\/asalaranjeiras.org.br\/site\/projeto-letramento-com-a-sacola-literaria\/\" class=\"_self\" target=\"_self\" >Projeto Letramento com a Sacola Liter\u00e1ria<\/a><\/h4>\n<div class=\"pt-cv-content\">Projeto Encantamento: sacolas liter\u00e1rias, rodas de conversa e cria\u00e7\u00e3o de livros\u2026.e muita leitura e media\u00e7\u00e3o. Com o objetivo de estimular ...<br \/><div class=\"pt-cv-rmwrap\"><a href=\"https:\/\/asalaranjeiras.org.br\/site\/projeto-letramento-com-a-sacola-literaria\/\" class=\"_self pt-cv-readmore btn btn-success\" target=\"_self\">Leia Mais<\/a><\/div><\/div>\n<div class=\"pt-cv-meta-fields\"><span class=\"entry-date\"> <time datetime=\"2019-06-20T04:18:06+00:00\">20\/06\/2019<\/time><\/span><span> \/ <\/span><span class=\"terms\"> <a href='https:\/\/asalaranjeiras.org.br\/site\/category\/programa-pedagogico-social\/letramento-mediacao-e-leitura\/' title='Letramento, Media\u00e7\u00e3o e Leitura' class='pt-cv-tax-letramento-mediacao-e-leitura'>Letramento, Media\u00e7\u00e3o e Leitura<\/a>, <a href='https:\/\/asalaranjeiras.org.br\/site\/category\/programa-pedagogico-social\/' title='Programa Pedag\u00f3gico Social' class='pt-cv-tax-programa-pedagogico-social'>Programa Pedag\u00f3gico Social<\/a><\/span><\/div><\/div><\/div>\n<div class=\"col-md-2 col-sm-6 col-xs-12 pt-cv-content-item pt-cv-1-col\" ><div class='pt-cv-ifield'><h4 class=\"pt-cv-title\"><a href=\"https:\/\/asalaranjeiras.org.br\/site\/jovem-comunicador-2019\/\" class=\"_self\" target=\"_self\" >Jovem comunicador 2019<\/a><\/h4>\n<div class=\"pt-cv-content\">O projeto acredita na transversalidade. Ontem os jovens estiveram em Ponta Negra para acompanhar a a\u00e7\u00e3o de outros Programas da ...<br \/><div class=\"pt-cv-rmwrap\"><a href=\"https:\/\/asalaranjeiras.org.br\/site\/jovem-comunicador-2019\/\" class=\"_self pt-cv-readmore btn btn-success\" target=\"_self\">Leia Mais<\/a><\/div><\/div>\n<div class=\"pt-cv-meta-fields\"><span class=\"entry-date\"> <time datetime=\"2019-06-20T03:58:38+00:00\">20\/06\/2019<\/time><\/span><span> \/ <\/span><span class=\"terms\"> <a href='https:\/\/asalaranjeiras.org.br\/site\/category\/programa-pedagogico-social\/informatica-educativa\/' title='Inform\u00e1tica Educativa' class='pt-cv-tax-informatica-educativa'>Inform\u00e1tica Educativa<\/a>, <a href='https:\/\/asalaranjeiras.org.br\/site\/category\/programa-pedagogico-social\/' title='Programa Pedag\u00f3gico Social' class='pt-cv-tax-programa-pedagogico-social'>Programa Pedag\u00f3gico Social<\/a><\/span><\/div><\/div><\/div><\/div><\/div><\/div>\n","protected":false},"excerpt":{"rendered":"","protected":false},"author":2,"featured_media":0,"parent":0,"menu_order":0,"comment_status":"closed","ping_status":"closed","template":"","meta":{"_uag_custom_page_level_css":"","ghostkit_customizer_options":"","ghostkit_custom_css":"","ghostkit_custom_js_head":"","ghostkit_custom_js_foot":"","ghostkit_typography":"","footnotes":""},"class_list":["post-611","page","type-page","status-publish","hentry"],"uagb_featured_image_src":{"full":false,"thumbnail":false,"medium":false,"medium_large":false,"large":false,"1536x1536":false,"2048x2048":false,"awb_sm":false,"awb_md":false,"awb_lg":false,"awb_xl":false,"smr-thumb":false,"smr-thumb-full":false},"uagb_author_info":{"display_name":"Associa\u00e7\u00e3o Cairu\u00e7u","author_link":"https:\/\/asalaranjeiras.org.br\/site\/author\/cairucu\/"},"uagb_comment_info":0,"uagb_excerpt":null,"_links":{"self":[{"href":"https:\/\/asalaranjeiras.org.br\/site\/wp-json\/wp\/v2\/pages\/611","targetHints":{"allow":["GET"]}}],"collection":[{"href":"https:\/\/asalaranjeiras.org.br\/site\/wp-json\/wp\/v2\/pages"}],"about":[{"href":"https:\/\/asalaranjeiras.org.br\/site\/wp-json\/wp\/v2\/types\/page"}],"author":[{"embeddable":true,"href":"https:\/\/asalaranjeiras.org.br\/site\/wp-json\/wp\/v2\/users\/2"}],"replies":[{"embeddable":true,"href":"https:\/\/asalaranjeiras.org.br\/site\/wp-json\/wp\/v2\/comments?post=611"}],"version-history":[{"count":4,"href":"https:\/\/asalaranjeiras.org.br\/site\/wp-json\/wp\/v2\/pages\/611\/revisions"}],"predecessor-version":[{"id":48989,"href":"https:\/\/asalaranjeiras.org.br\/site\/wp-json\/wp\/v2\/pages\/611\/revisions\/48989"}],"wp:attachment":[{"href":"https:\/\/asalaranjeiras.org.br\/site\/wp-json\/wp\/v2\/media?parent=611"}],"curies":[{"name":"wp","href":"https:\/\/api.w.org\/{rel}","templated":true}]}}